{"id":8687,"date":"2022-04-22T23:47:32","date_gmt":"2022-04-22T21:47:32","guid":{"rendered":"https:\/\/trendsandvision.nl\/de\/product\/esschert-design-gewachste-canvas-tasche-l-sort\/"},"modified":"2026-04-22T15:23:31","modified_gmt":"2026-04-22T13:23:31","slug":"esschert-design-gewachste-canvas-tasche-l-farbwahl","status":"publish","type":"product","link":"https:\/\/trendsandvision.nl\/de\/product\/esschert-design-gewachste-canvas-tasche-l-farbwahl\/","title":{"rendered":"Esschert Design Gewachste Canvas Tasche L Farbwahl"},"content":{"rendered":"<p>Gewachster Canvas ist einer der \u00e4ltesten Stoffe der Welt. Der Ursprung der Wachsstoffe findet sich im 15. Jahrhundert, als \u00d6l und Fett dazu verwendet wurden, die Plane wasser- und winddicht zu machen.<\/p>\n<p>Aus diesem wasserabweisenden Canvas wurde auch Kleidung produziert, die von Seeleuten und Fischern getragen wurde. Er erfreute sich aufgrund seiner Haltbarkeit und Festigkeit gro\u00dfer Beliebtheit. Diese robuste Einkaufstasche ist gro\u00df genug f\u00fcr Lebensmittel.<\/p>\n<p>&#8211; stilvoll und robust<br \/>\n&#8211; stark und langlebig<br \/>\n&#8211; ger\u00e4umig genug f\u00fcr Lebensmittel<br \/>\n&#8211; Abmessungen: 39,5 x 14 x 58 cm<br \/>\n&#8211; entwickelt im Laufe der Zeit eine sch\u00f6ne Patina<br \/>\n&#8211; 3 verschiedene Farben, Preis pro St\u00fcck<\/p>\n","protected":false},"excerpt":{"rendered":"<p>&#8211; Abmessungen: 39,5 x 14 x 58 cm<br \/>\n&#8211; entwickelt im Laufe der Zeit eine sch\u00f6ne Patina<br \/>\n&#8211; 3 verschiedene Farben, Preis pro St\u00fcck<\/p>\n","protected":false},"featured_media":8688,"template":"","meta":[],"product_brand":[9597,9598],"product_cat":[820],"product_tag":[8245,7532,6945,7290],"class_list":{"0":"post-8687","1":"product","2":"type-product","3":"status-publish","4":"has-post-thumbnail","6":"product_brand-esschert-design","7":"product_brand-trends-and-vision","8":"product_cat-nature-print","9":"product_tag-canvas","10":"product_tag-taschen","11":"product_tag-wahl","12":"product_tag-wiederverwendbar","13":"pa_anbieter-esschert-design","14":"pa_ean-code-4835","15":"pa_messungen-395x140x580-cm","17":"first","18":"instock","19":"sale","20":"taxable","21":"shipping-taxable","22":"purchasable","23":"product-type-simple","24":"czr-hentry"},"yoast_head":"<!-- This site is optimized with the Yoast SEO Premium plugin v27.4 (Yoast SEO v27.5) - https:\/\/yoast.com\/product\/yoast-seo-premium-wordpress\/ -->\n<title>Esschert Design Gewachste Canvas Tasche L sort. (TP372, 8714982185373) - Trends &amp; Vision<\/title>\n<meta name=\"description\" content=\"Esschert Design Gewachste Canvas Tasche L sort.: Gewachste Canvas Tasche L sort.\" \/>\n<meta name=\"robots\" content=\"index, follow, max-snippet:-1, max-image-preview:large, max-video-preview:-1\" \/>\n<link rel=\"canonical\" href=\"https:\/\/trendsandvision.nl\/de\/product\/esschert-design-gewachste-canvas-tasche-l-farbwahl\/\" \/>\n<meta property=\"og:locale\" content=\"de_DE\" \/>\n<meta property=\"og:type\" content=\"article\" \/>\n<meta property=\"og:title\" content=\"Esschert Design Gewachste Canvas Tasche L Farbwahl\" \/>\n<meta property=\"og:description\" content=\"Esschert Design Gewachste Canvas Tasche L sort.: Gewachste Canvas Tasche L sort.\" \/>\n<meta property=\"og:url\" content=\"https:\/\/trendsandvision.nl\/de\/product\/esschert-design-gewachste-canvas-tasche-l-farbwahl\/\" \/>\n<meta property=\"og:site_name\" content=\"Trends &amp; Vision (DE)\" \/>\n<meta property=\"article:modified_time\" content=\"2026-04-22T13:23:31+00:00\" \/>\n<meta property=\"og:image\" content=\"https:\/\/trendsandvision.nl\/de\/wp-content\/uploads\/sites\/3\/2022\/04\/TP372_01.jpg\" \/>\n\t<meta property=\"og:image:width\" content=\"800\" \/>\n\t<meta property=\"og:image:height\" content=\"800\" \/>\n\t<meta property=\"og:image:type\" content=\"image\/jpeg\" \/>\n<meta name=\"twitter:card\" content=\"summary_large_image\" \/>\n<meta name=\"twitter:label1\" content=\"Gesch\u00e4tzte Lesezeit\" \/>\n\t<meta name=\"twitter:data1\" content=\"1\u00a0Minute\" \/>\n<script type=\"application\/ld+json\" class=\"yoast-schema-graph\">{\"@context\":\"https:\\\/\\\/schema.org\",\"@graph\":[{\"@type\":\"WebPage\",\"@id\":\"https:\\\/\\\/trendsandvision.nl\\\/de\\\/product\\\/esschert-design-gewachste-canvas-tasche-l-farbwahl\\\/\",\"url\":\"https:\\\/\\\/trendsandvision.nl\\\/de\\\/product\\\/esschert-design-gewachste-canvas-tasche-l-farbwahl\\\/\",\"name\":\"Esschert Design Gewachste Canvas Tasche L sort. (TP372, 8714982185373) - Trends & Vision\",\"isPartOf\":{\"@id\":\"https:\\\/\\\/trendsandvision.nl\\\/de\\\/#website\"},\"primaryImageOfPage\":{\"@id\":\"https:\\\/\\\/trendsandvision.nl\\\/de\\\/product\\\/esschert-design-gewachste-canvas-tasche-l-farbwahl\\\/#primaryimage\"},\"image\":{\"@id\":\"https:\\\/\\\/trendsandvision.nl\\\/de\\\/product\\\/esschert-design-gewachste-canvas-tasche-l-farbwahl\\\/#primaryimage\"},\"thumbnailUrl\":\"https:\\\/\\\/trendsandvision.nl\\\/de\\\/wp-content\\\/uploads\\\/sites\\\/3\\\/2022\\\/04\\\/TP372_01.jpg\",\"datePublished\":\"2022-04-22T21:47:32+00:00\",\"dateModified\":\"2026-04-22T13:23:31+00:00\",\"description\":\"Esschert Design Gewachste Canvas Tasche L sort.: Gewachste Canvas Tasche L sort.\",\"breadcrumb\":{\"@id\":\"https:\\\/\\\/trendsandvision.nl\\\/de\\\/product\\\/esschert-design-gewachste-canvas-tasche-l-farbwahl\\\/#breadcrumb\"},\"inLanguage\":\"de\",\"potentialAction\":[{\"@type\":\"ReadAction\",\"target\":[\"https:\\\/\\\/trendsandvision.nl\\\/de\\\/product\\\/esschert-design-gewachste-canvas-tasche-l-farbwahl\\\/\"]}]},{\"@type\":\"ImageObject\",\"inLanguage\":\"de\",\"@id\":\"https:\\\/\\\/trendsandvision.nl\\\/de\\\/product\\\/esschert-design-gewachste-canvas-tasche-l-farbwahl\\\/#primaryimage\",\"url\":\"https:\\\/\\\/trendsandvision.nl\\\/de\\\/wp-content\\\/uploads\\\/sites\\\/3\\\/2022\\\/04\\\/TP372_01.jpg\",\"contentUrl\":\"https:\\\/\\\/trendsandvision.nl\\\/de\\\/wp-content\\\/uploads\\\/sites\\\/3\\\/2022\\\/04\\\/TP372_01.jpg\",\"width\":800,\"height\":800,\"caption\":\"Esschert Design Gewachste Canvas Tasche L sort. (TP372\"},{\"@type\":\"BreadcrumbList\",\"@id\":\"https:\\\/\\\/trendsandvision.nl\\\/de\\\/product\\\/esschert-design-gewachste-canvas-tasche-l-farbwahl\\\/#breadcrumb\",\"itemListElement\":[{\"@type\":\"ListItem\",\"position\":1,\"name\":\"Home\",\"item\":\"https:\\\/\\\/trendsandvision.nl\\\/de\\\/\"},{\"@type\":\"ListItem\",\"position\":2,\"name\":\"Gesch\u00e4ft\",\"item\":\"https:\\\/\\\/trendsandvision.nl\\\/de\\\/geschaft\\\/\"},{\"@type\":\"ListItem\",\"position\":3,\"name\":\"Esschert Design Gewachste Canvas Tasche L Farbwahl\"}]},{\"@type\":\"WebSite\",\"@id\":\"https:\\\/\\\/trendsandvision.nl\\\/de\\\/#website\",\"url\":\"https:\\\/\\\/trendsandvision.nl\\\/de\\\/\",\"name\":\"Trends &amp; Vision (DE)\",\"description\":\"Der Webshop f\u00fcr Esschert Design Artikel\",\"publisher\":{\"@id\":\"https:\\\/\\\/trendsandvision.nl\\\/de\\\/#organization\"},\"potentialAction\":[{\"@type\":\"SearchAction\",\"target\":{\"@type\":\"EntryPoint\",\"urlTemplate\":\"https:\\\/\\\/trendsandvision.nl\\\/de\\\/?s={search_term_string}\"},\"query-input\":{\"@type\":\"PropertyValueSpecification\",\"valueRequired\":true,\"valueName\":\"search_term_string\"}}],\"inLanguage\":\"de\"},{\"@type\":\"Organization\",\"@id\":\"https:\\\/\\\/trendsandvision.nl\\\/de\\\/#organization\",\"name\":\"Trends &amp; Vision (DE)\",\"url\":\"https:\\\/\\\/trendsandvision.nl\\\/de\\\/\",\"logo\":{\"@type\":\"ImageObject\",\"inLanguage\":\"de\",\"@id\":\"https:\\\/\\\/trendsandvision.nl\\\/de\\\/#\\\/schema\\\/logo\\\/image\\\/\",\"url\":\"https:\\\/\\\/trendsandvision.nl\\\/de\\\/wp-content\\\/uploads\\\/sites\\\/3\\\/2022\\\/04\\\/trends-and-vision-logo.jpg\",\"contentUrl\":\"https:\\\/\\\/trendsandvision.nl\\\/de\\\/wp-content\\\/uploads\\\/sites\\\/3\\\/2022\\\/04\\\/trends-and-vision-logo.jpg\",\"width\":213,\"height\":100,\"caption\":\"Trends &amp; Vision (DE)\"},\"image\":{\"@id\":\"https:\\\/\\\/trendsandvision.nl\\\/de\\\/#\\\/schema\\\/logo\\\/image\\\/\"}}]}<\/script>\n<!-- \/ Yoast SEO Premium plugin. -->","yoast_head_json":{"title":"Esschert Design Gewachste Canvas Tasche L sort. (TP372, 8714982185373) - Trends & Vision","description":"Esschert Design Gewachste Canvas Tasche L sort.: Gewachste Canvas Tasche L sort.","robots":{"index":"index","follow":"follow","max-snippet":"max-snippet:-1","max-image-preview":"max-image-preview:large","max-video-preview":"max-video-preview:-1"},"canonical":"https:\/\/trendsandvision.nl\/de\/product\/esschert-design-gewachste-canvas-tasche-l-farbwahl\/","og_locale":"de_DE","og_type":"article","og_title":"Esschert Design Gewachste Canvas Tasche L Farbwahl","og_description":"Esschert Design Gewachste Canvas Tasche L sort.: Gewachste Canvas Tasche L sort.","og_url":"https:\/\/trendsandvision.nl\/de\/product\/esschert-design-gewachste-canvas-tasche-l-farbwahl\/","og_site_name":"Trends &amp; Vision (DE)","article_modified_time":"2026-04-22T13:23:31+00:00","og_image":[{"width":800,"height":800,"url":"https:\/\/trendsandvision.nl\/de\/wp-content\/uploads\/sites\/3\/2022\/04\/TP372_01.jpg","type":"image\/jpeg"}],"twitter_card":"summary_large_image","twitter_misc":{"Gesch\u00e4tzte Lesezeit":"1\u00a0Minute"},"schema":{"@context":"https:\/\/schema.org","@graph":[{"@type":"WebPage","@id":"https:\/\/trendsandvision.nl\/de\/product\/esschert-design-gewachste-canvas-tasche-l-farbwahl\/","url":"https:\/\/trendsandvision.nl\/de\/product\/esschert-design-gewachste-canvas-tasche-l-farbwahl\/","name":"Esschert Design Gewachste Canvas Tasche L sort. (TP372, 8714982185373) - Trends & Vision","isPartOf":{"@id":"https:\/\/trendsandvision.nl\/de\/#website"},"primaryImageOfPage":{"@id":"https:\/\/trendsandvision.nl\/de\/product\/esschert-design-gewachste-canvas-tasche-l-farbwahl\/#primaryimage"},"image":{"@id":"https:\/\/trendsandvision.nl\/de\/product\/esschert-design-gewachste-canvas-tasche-l-farbwahl\/#primaryimage"},"thumbnailUrl":"https:\/\/trendsandvision.nl\/de\/wp-content\/uploads\/sites\/3\/2022\/04\/TP372_01.jpg","datePublished":"2022-04-22T21:47:32+00:00","dateModified":"2026-04-22T13:23:31+00:00","description":"Esschert Design Gewachste Canvas Tasche L sort.: Gewachste Canvas Tasche L sort.","breadcrumb":{"@id":"https:\/\/trendsandvision.nl\/de\/product\/esschert-design-gewachste-canvas-tasche-l-farbwahl\/#breadcrumb"},"inLanguage":"de","potentialAction":[{"@type":"ReadAction","target":["https:\/\/trendsandvision.nl\/de\/product\/esschert-design-gewachste-canvas-tasche-l-farbwahl\/"]}]},{"@type":"ImageObject","inLanguage":"de","@id":"https:\/\/trendsandvision.nl\/de\/product\/esschert-design-gewachste-canvas-tasche-l-farbwahl\/#primaryimage","url":"https:\/\/trendsandvision.nl\/de\/wp-content\/uploads\/sites\/3\/2022\/04\/TP372_01.jpg","contentUrl":"https:\/\/trendsandvision.nl\/de\/wp-content\/uploads\/sites\/3\/2022\/04\/TP372_01.jpg","width":800,"height":800,"caption":"Esschert Design Gewachste Canvas Tasche L sort. (TP372"},{"@type":"BreadcrumbList","@id":"https:\/\/trendsandvision.nl\/de\/product\/esschert-design-gewachste-canvas-tasche-l-farbwahl\/#breadcrumb","itemListElement":[{"@type":"ListItem","position":1,"name":"Home","item":"https:\/\/trendsandvision.nl\/de\/"},{"@type":"ListItem","position":2,"name":"Gesch\u00e4ft","item":"https:\/\/trendsandvision.nl\/de\/geschaft\/"},{"@type":"ListItem","position":3,"name":"Esschert Design Gewachste Canvas Tasche L Farbwahl"}]},{"@type":"WebSite","@id":"https:\/\/trendsandvision.nl\/de\/#website","url":"https:\/\/trendsandvision.nl\/de\/","name":"Trends &amp; Vision (DE)","description":"Der Webshop f\u00fcr Esschert Design Artikel","publisher":{"@id":"https:\/\/trendsandvision.nl\/de\/#organization"},"potentialAction":[{"@type":"SearchAction","target":{"@type":"EntryPoint","urlTemplate":"https:\/\/trendsandvision.nl\/de\/?s={search_term_string}"},"query-input":{"@type":"PropertyValueSpecification","valueRequired":true,"valueName":"search_term_string"}}],"inLanguage":"de"},{"@type":"Organization","@id":"https:\/\/trendsandvision.nl\/de\/#organization","name":"Trends &amp; Vision (DE)","url":"https:\/\/trendsandvision.nl\/de\/","logo":{"@type":"ImageObject","inLanguage":"de","@id":"https:\/\/trendsandvision.nl\/de\/#\/schema\/logo\/image\/","url":"https:\/\/trendsandvision.nl\/de\/wp-content\/uploads\/sites\/3\/2022\/04\/trends-and-vision-logo.jpg","contentUrl":"https:\/\/trendsandvision.nl\/de\/wp-content\/uploads\/sites\/3\/2022\/04\/trends-and-vision-logo.jpg","width":213,"height":100,"caption":"Trends &amp; Vision (DE)"},"image":{"@id":"https:\/\/trendsandvision.nl\/de\/#\/schema\/logo\/image\/"}}]}},"_links":{"self":[{"href":"https:\/\/trendsandvision.nl\/de\/wp-json\/wp\/v2\/product\/8687","targetHints":{"allow":["GET"]}}],"collection":[{"href":"https:\/\/trendsandvision.nl\/de\/wp-json\/wp\/v2\/product"}],"about":[{"href":"https:\/\/trendsandvision.nl\/de\/wp-json\/wp\/v2\/types\/product"}],"wp:featuredmedia":[{"embeddable":true,"href":"https:\/\/trendsandvision.nl\/de\/wp-json\/wp\/v2\/media\/8688"}],"wp:attachment":[{"href":"https:\/\/trendsandvision.nl\/de\/wp-json\/wp\/v2\/media?parent=8687"}],"wp:term":[{"taxonomy":"product_brand","embeddable":true,"href":"https:\/\/trendsandvision.nl\/de\/wp-json\/wp\/v2\/product_brand?post=8687"},{"taxonomy":"product_cat","embeddable":true,"href":"https:\/\/trendsandvision.nl\/de\/wp-json\/wp\/v2\/product_cat?post=8687"},{"taxonomy":"product_tag","embeddable":true,"href":"https:\/\/trendsandvision.nl\/de\/wp-json\/wp\/v2\/product_tag?post=8687"}],"curies":[{"name":"wp","href":"https:\/\/api.w.org\/{rel}","templated":true}]}}