{"id":599,"date":"2022-04-22T16:43:57","date_gmt":"2022-04-22T14:43:57","guid":{"rendered":"https:\/\/trendsandvision.nl\/de\/product\/nestkast-vakwerkhuis-ass\/"},"modified":"2026-04-22T14:48:59","modified_gmt":"2026-04-22T12:48:59","slug":"esschert-designnestkast-fachwerkhaus-nistkasten-wahl","status":"publish","type":"product","link":"https:\/\/trendsandvision.nl\/de\/product\/esschert-designnestkast-fachwerkhaus-nistkasten-wahl\/","title":{"rendered":"Esschert DesignNestkast Fachwerkhaus-Nistkasten\/Wahl"},"content":{"rendered":"<p>Wahl aus 3, Preis pro St\u00fcck<br \/>\nL\u00fcftungs\u00f6ffnungen unter dem Dach<br \/>\nder Boden kann angehoben werden, um den Nistkasten zu reinigen (den Nistkasten nur im Herbst reinigen)<br \/>\ndank des Schl\u00fcssellochschneiders einfach aufzuh\u00e4ngen<br \/>\ngeeignet f\u00fcr Blaumeise, Haubenmeise, Sumpfmeise, Weidenmeise und Tannenmeise<\/p>\n<p>Fachwerkh\u00e4user finden ihre Geschichte in Deutschland. Die ersten Fachwerkh\u00e4user waren Bauernh\u00e4user, bei denen ein tragendes Skelett aus Holzbalken mit Flechtwerk aus Weide, Eiche oder Hasel und mit Lehm oder M\u00f6rtel ausgef\u00fcllt wurde. Neben der Verf\u00fcgbarkeit von Materialien und den geringen Baukosten gab es einen weiteren Vorteil f\u00fcr die Bauern. Die b\u00e4uerliche Klasse hatte in der Regel keine Erbrechte; wenn der Bauer umziehen musste, konnte das Haus innerhalb weniger Tage abgerissen und an anderer Stelle wieder aufgebaut werden.Dieses kleine Fachwerkhaus wurde f\u00fcr die Blaumeise entworfen. Es bietet nicht nur der Blaumeise, sondern auch der Haubenmeise, dem Sumpfmeise, dem Weidenmeise und der Tannenmeise einen guten Platz zum Nisten. Bei schlechtem Wetter bietet der Nistkasten Schutz und Schutz.<\/p>\n<p>Artikelname: Fachwerkhaus-Nistkasten<br \/>\nArtikelnummer: 37000601<br \/>\nSortiment Ja, Sortiment von 3<br \/>\nProduktgruppe(n) V\u00f6gel&amp;Gartentiere, Nistk\u00e4sten und Vogelh\u00e4user, Kohlmeise, Blaumeise, Sonstiges, Garten&amp;Terrasse, Statuen und Spiegel, Polyresin<br \/>\nProduktabmessungen in cm L 13,5 x T 12,7 x H 24,5<br \/>\nMaterial: Polyresin\/Polystein, Sperrholz<br \/>\nNettogewicht 0,845 kg<br \/>\nBarcode 8713968377627<\/p>\n","protected":false},"excerpt":{"rendered":"<p>Artikelnummer 37000601 (Wahl)<br \/>\nL 13,5 x T 12,7 x H 24,5 cm<br \/>\nMaterial Polyresin, Sperrholz<br \/>\nNettogewicht 0,845 kg<br \/>\nBarcode 8713968377627<\/p>\n","protected":false},"featured_media":600,"template":"","meta":[],"product_brand":[9597,9598],"product_cat":[1315],"product_tag":[7351,6828,6842,7344,7189,6945],"class_list":{"0":"post-599","1":"product","2":"type-product","3":"status-publish","4":"has-post-thumbnail","6":"product_brand-esschert-design","7":"product_brand-trends-and-vision","8":"product_cat-best-for-birds","9":"product_tag-fachwerkhaus","10":"product_tag-nistkasten","11":"product_tag-polyresin","12":"product_tag-sperrholz","13":"product_tag-vogelhaeuser","14":"product_tag-wahl","15":"pa_ean-code-342","16":"pa_messungen-l-131-x-b-135-x-h-247-cm","18":"first","19":"instock","20":"sale","21":"taxable","22":"shipping-taxable","23":"purchasable","24":"product-type-simple","25":"czr-hentry"},"yoast_head":"<!-- This site is optimized with the Yoast SEO Premium plugin v27.4 (Yoast SEO v27.4) - https:\/\/yoast.com\/product\/yoast-seo-premium-wordpress\/ -->\n<title>Nestkast vakwerkhuis ass. (37000601, 8713968377627) - Trends &amp; Vision<\/title>\n<meta name=\"description\" content=\"Nestkast vakwerkhuis ass.: Nestkast vakwerkhuis ass.\" \/>\n<meta name=\"robots\" content=\"index, follow, max-snippet:-1, max-image-preview:large, max-video-preview:-1\" \/>\n<link rel=\"canonical\" href=\"https:\/\/trendsandvision.nl\/de\/product\/esschert-designnestkast-fachwerkhaus-nistkasten-wahl\/\" \/>\n<meta property=\"og:locale\" content=\"de_DE\" \/>\n<meta property=\"og:type\" content=\"article\" \/>\n<meta property=\"og:title\" content=\"Esschert DesignNestkast Fachwerkhaus-Nistkasten\/Wahl\" \/>\n<meta property=\"og:description\" content=\"Nestkast vakwerkhuis ass.: Nestkast vakwerkhuis ass.\" \/>\n<meta property=\"og:url\" content=\"https:\/\/trendsandvision.nl\/de\/product\/esschert-designnestkast-fachwerkhaus-nistkasten-wahl\/\" \/>\n<meta property=\"og:site_name\" content=\"Trends &amp; Vision (DE)\" \/>\n<meta property=\"article:modified_time\" content=\"2026-04-22T12:48:59+00:00\" \/>\n<meta property=\"og:image\" content=\"https:\/\/trendsandvision.nl\/de\/wp-content\/uploads\/sites\/3\/2022\/04\/37000601_01.jpg\" \/>\n\t<meta property=\"og:image:width\" content=\"800\" \/>\n\t<meta property=\"og:image:height\" content=\"800\" \/>\n\t<meta property=\"og:image:type\" content=\"image\/jpeg\" \/>\n<meta name=\"twitter:card\" content=\"summary_large_image\" \/>\n<meta name=\"twitter:label1\" content=\"Gesch\u00e4tzte Lesezeit\" \/>\n\t<meta name=\"twitter:data1\" content=\"2\u00a0Minuten\" \/>\n<script type=\"application\/ld+json\" class=\"yoast-schema-graph\">{\"@context\":\"https:\\\/\\\/schema.org\",\"@graph\":[{\"@type\":\"WebPage\",\"@id\":\"https:\\\/\\\/trendsandvision.nl\\\/de\\\/product\\\/esschert-designnestkast-fachwerkhaus-nistkasten-wahl\\\/\",\"url\":\"https:\\\/\\\/trendsandvision.nl\\\/de\\\/product\\\/esschert-designnestkast-fachwerkhaus-nistkasten-wahl\\\/\",\"name\":\"Nestkast vakwerkhuis ass. (37000601, 8713968377627) - Trends & Vision\",\"isPartOf\":{\"@id\":\"https:\\\/\\\/trendsandvision.nl\\\/de\\\/#website\"},\"primaryImageOfPage\":{\"@id\":\"https:\\\/\\\/trendsandvision.nl\\\/de\\\/product\\\/esschert-designnestkast-fachwerkhaus-nistkasten-wahl\\\/#primaryimage\"},\"image\":{\"@id\":\"https:\\\/\\\/trendsandvision.nl\\\/de\\\/product\\\/esschert-designnestkast-fachwerkhaus-nistkasten-wahl\\\/#primaryimage\"},\"thumbnailUrl\":\"https:\\\/\\\/trendsandvision.nl\\\/de\\\/wp-content\\\/uploads\\\/sites\\\/3\\\/2022\\\/04\\\/37000601_01.jpg\",\"datePublished\":\"2022-04-22T14:43:57+00:00\",\"dateModified\":\"2026-04-22T12:48:59+00:00\",\"description\":\"Nestkast vakwerkhuis ass.: Nestkast vakwerkhuis ass.\",\"breadcrumb\":{\"@id\":\"https:\\\/\\\/trendsandvision.nl\\\/de\\\/product\\\/esschert-designnestkast-fachwerkhaus-nistkasten-wahl\\\/#breadcrumb\"},\"inLanguage\":\"de\",\"potentialAction\":[{\"@type\":\"ReadAction\",\"target\":[\"https:\\\/\\\/trendsandvision.nl\\\/de\\\/product\\\/esschert-designnestkast-fachwerkhaus-nistkasten-wahl\\\/\"]}]},{\"@type\":\"ImageObject\",\"inLanguage\":\"de\",\"@id\":\"https:\\\/\\\/trendsandvision.nl\\\/de\\\/product\\\/esschert-designnestkast-fachwerkhaus-nistkasten-wahl\\\/#primaryimage\",\"url\":\"https:\\\/\\\/trendsandvision.nl\\\/de\\\/wp-content\\\/uploads\\\/sites\\\/3\\\/2022\\\/04\\\/37000601_01.jpg\",\"contentUrl\":\"https:\\\/\\\/trendsandvision.nl\\\/de\\\/wp-content\\\/uploads\\\/sites\\\/3\\\/2022\\\/04\\\/37000601_01.jpg\",\"width\":800,\"height\":800,\"caption\":\"Nestkast vakwerkhuis ass. (37000601\"},{\"@type\":\"BreadcrumbList\",\"@id\":\"https:\\\/\\\/trendsandvision.nl\\\/de\\\/product\\\/esschert-designnestkast-fachwerkhaus-nistkasten-wahl\\\/#breadcrumb\",\"itemListElement\":[{\"@type\":\"ListItem\",\"position\":1,\"name\":\"Home\",\"item\":\"https:\\\/\\\/trendsandvision.nl\\\/de\\\/\"},{\"@type\":\"ListItem\",\"position\":2,\"name\":\"Gesch\u00e4ft\",\"item\":\"https:\\\/\\\/trendsandvision.nl\\\/de\\\/geschaft\\\/\"},{\"@type\":\"ListItem\",\"position\":3,\"name\":\"Esschert DesignNestkast Fachwerkhaus-Nistkasten\\\/Wahl\"}]},{\"@type\":\"WebSite\",\"@id\":\"https:\\\/\\\/trendsandvision.nl\\\/de\\\/#website\",\"url\":\"https:\\\/\\\/trendsandvision.nl\\\/de\\\/\",\"name\":\"Trends &amp; Vision (DE)\",\"description\":\"Der Webshop f\u00fcr Esschert Design Artikel\",\"publisher\":{\"@id\":\"https:\\\/\\\/trendsandvision.nl\\\/de\\\/#organization\"},\"potentialAction\":[{\"@type\":\"SearchAction\",\"target\":{\"@type\":\"EntryPoint\",\"urlTemplate\":\"https:\\\/\\\/trendsandvision.nl\\\/de\\\/?s={search_term_string}\"},\"query-input\":{\"@type\":\"PropertyValueSpecification\",\"valueRequired\":true,\"valueName\":\"search_term_string\"}}],\"inLanguage\":\"de\"},{\"@type\":\"Organization\",\"@id\":\"https:\\\/\\\/trendsandvision.nl\\\/de\\\/#organization\",\"name\":\"Trends &amp; Vision (DE)\",\"url\":\"https:\\\/\\\/trendsandvision.nl\\\/de\\\/\",\"logo\":{\"@type\":\"ImageObject\",\"inLanguage\":\"de\",\"@id\":\"https:\\\/\\\/trendsandvision.nl\\\/de\\\/#\\\/schema\\\/logo\\\/image\\\/\",\"url\":\"https:\\\/\\\/trendsandvision.nl\\\/de\\\/wp-content\\\/uploads\\\/sites\\\/3\\\/2022\\\/04\\\/trends-and-vision-logo.jpg\",\"contentUrl\":\"https:\\\/\\\/trendsandvision.nl\\\/de\\\/wp-content\\\/uploads\\\/sites\\\/3\\\/2022\\\/04\\\/trends-and-vision-logo.jpg\",\"width\":213,\"height\":100,\"caption\":\"Trends &amp; Vision (DE)\"},\"image\":{\"@id\":\"https:\\\/\\\/trendsandvision.nl\\\/de\\\/#\\\/schema\\\/logo\\\/image\\\/\"}}]}<\/script>\n<!-- \/ Yoast SEO Premium plugin. -->","yoast_head_json":{"title":"Nestkast vakwerkhuis ass. (37000601, 8713968377627) - Trends & Vision","description":"Nestkast vakwerkhuis ass.: Nestkast vakwerkhuis ass.","robots":{"index":"index","follow":"follow","max-snippet":"max-snippet:-1","max-image-preview":"max-image-preview:large","max-video-preview":"max-video-preview:-1"},"canonical":"https:\/\/trendsandvision.nl\/de\/product\/esschert-designnestkast-fachwerkhaus-nistkasten-wahl\/","og_locale":"de_DE","og_type":"article","og_title":"Esschert DesignNestkast Fachwerkhaus-Nistkasten\/Wahl","og_description":"Nestkast vakwerkhuis ass.: Nestkast vakwerkhuis ass.","og_url":"https:\/\/trendsandvision.nl\/de\/product\/esschert-designnestkast-fachwerkhaus-nistkasten-wahl\/","og_site_name":"Trends &amp; Vision (DE)","article_modified_time":"2026-04-22T12:48:59+00:00","og_image":[{"width":800,"height":800,"url":"https:\/\/trendsandvision.nl\/de\/wp-content\/uploads\/sites\/3\/2022\/04\/37000601_01.jpg","type":"image\/jpeg"}],"twitter_card":"summary_large_image","twitter_misc":{"Gesch\u00e4tzte Lesezeit":"2\u00a0Minuten"},"schema":{"@context":"https:\/\/schema.org","@graph":[{"@type":"WebPage","@id":"https:\/\/trendsandvision.nl\/de\/product\/esschert-designnestkast-fachwerkhaus-nistkasten-wahl\/","url":"https:\/\/trendsandvision.nl\/de\/product\/esschert-designnestkast-fachwerkhaus-nistkasten-wahl\/","name":"Nestkast vakwerkhuis ass. (37000601, 8713968377627) - Trends & Vision","isPartOf":{"@id":"https:\/\/trendsandvision.nl\/de\/#website"},"primaryImageOfPage":{"@id":"https:\/\/trendsandvision.nl\/de\/product\/esschert-designnestkast-fachwerkhaus-nistkasten-wahl\/#primaryimage"},"image":{"@id":"https:\/\/trendsandvision.nl\/de\/product\/esschert-designnestkast-fachwerkhaus-nistkasten-wahl\/#primaryimage"},"thumbnailUrl":"https:\/\/trendsandvision.nl\/de\/wp-content\/uploads\/sites\/3\/2022\/04\/37000601_01.jpg","datePublished":"2022-04-22T14:43:57+00:00","dateModified":"2026-04-22T12:48:59+00:00","description":"Nestkast vakwerkhuis ass.: Nestkast vakwerkhuis ass.","breadcrumb":{"@id":"https:\/\/trendsandvision.nl\/de\/product\/esschert-designnestkast-fachwerkhaus-nistkasten-wahl\/#breadcrumb"},"inLanguage":"de","potentialAction":[{"@type":"ReadAction","target":["https:\/\/trendsandvision.nl\/de\/product\/esschert-designnestkast-fachwerkhaus-nistkasten-wahl\/"]}]},{"@type":"ImageObject","inLanguage":"de","@id":"https:\/\/trendsandvision.nl\/de\/product\/esschert-designnestkast-fachwerkhaus-nistkasten-wahl\/#primaryimage","url":"https:\/\/trendsandvision.nl\/de\/wp-content\/uploads\/sites\/3\/2022\/04\/37000601_01.jpg","contentUrl":"https:\/\/trendsandvision.nl\/de\/wp-content\/uploads\/sites\/3\/2022\/04\/37000601_01.jpg","width":800,"height":800,"caption":"Nestkast vakwerkhuis ass. (37000601"},{"@type":"BreadcrumbList","@id":"https:\/\/trendsandvision.nl\/de\/product\/esschert-designnestkast-fachwerkhaus-nistkasten-wahl\/#breadcrumb","itemListElement":[{"@type":"ListItem","position":1,"name":"Home","item":"https:\/\/trendsandvision.nl\/de\/"},{"@type":"ListItem","position":2,"name":"Gesch\u00e4ft","item":"https:\/\/trendsandvision.nl\/de\/geschaft\/"},{"@type":"ListItem","position":3,"name":"Esschert DesignNestkast Fachwerkhaus-Nistkasten\/Wahl"}]},{"@type":"WebSite","@id":"https:\/\/trendsandvision.nl\/de\/#website","url":"https:\/\/trendsandvision.nl\/de\/","name":"Trends &amp; Vision (DE)","description":"Der Webshop f\u00fcr Esschert Design Artikel","publisher":{"@id":"https:\/\/trendsandvision.nl\/de\/#organization"},"potentialAction":[{"@type":"SearchAction","target":{"@type":"EntryPoint","urlTemplate":"https:\/\/trendsandvision.nl\/de\/?s={search_term_string}"},"query-input":{"@type":"PropertyValueSpecification","valueRequired":true,"valueName":"search_term_string"}}],"inLanguage":"de"},{"@type":"Organization","@id":"https:\/\/trendsandvision.nl\/de\/#organization","name":"Trends &amp; Vision (DE)","url":"https:\/\/trendsandvision.nl\/de\/","logo":{"@type":"ImageObject","inLanguage":"de","@id":"https:\/\/trendsandvision.nl\/de\/#\/schema\/logo\/image\/","url":"https:\/\/trendsandvision.nl\/de\/wp-content\/uploads\/sites\/3\/2022\/04\/trends-and-vision-logo.jpg","contentUrl":"https:\/\/trendsandvision.nl\/de\/wp-content\/uploads\/sites\/3\/2022\/04\/trends-and-vision-logo.jpg","width":213,"height":100,"caption":"Trends &amp; Vision (DE)"},"image":{"@id":"https:\/\/trendsandvision.nl\/de\/#\/schema\/logo\/image\/"}}]}},"_links":{"self":[{"href":"https:\/\/trendsandvision.nl\/de\/wp-json\/wp\/v2\/product\/599","targetHints":{"allow":["GET"]}}],"collection":[{"href":"https:\/\/trendsandvision.nl\/de\/wp-json\/wp\/v2\/product"}],"about":[{"href":"https:\/\/trendsandvision.nl\/de\/wp-json\/wp\/v2\/types\/product"}],"wp:featuredmedia":[{"embeddable":true,"href":"https:\/\/trendsandvision.nl\/de\/wp-json\/wp\/v2\/media\/600"}],"wp:attachment":[{"href":"https:\/\/trendsandvision.nl\/de\/wp-json\/wp\/v2\/media?parent=599"}],"wp:term":[{"taxonomy":"product_brand","embeddable":true,"href":"https:\/\/trendsandvision.nl\/de\/wp-json\/wp\/v2\/product_brand?post=599"},{"taxonomy":"product_cat","embeddable":true,"href":"https:\/\/trendsandvision.nl\/de\/wp-json\/wp\/v2\/product_cat?post=599"},{"taxonomy":"product_tag","embeddable":true,"href":"https:\/\/trendsandvision.nl\/de\/wp-json\/wp\/v2\/product_tag?post=599"}],"curies":[{"name":"wp","href":"https:\/\/api.w.org\/{rel}","templated":true}]}}