{"id":5524,"date":"2022-04-22T18:47:54","date_gmt":"2022-04-22T16:47:54","guid":{"rendered":"https:\/\/trendsandvision.nl\/de\/product\/esschert-design-kinderharke-gruen\/"},"modified":"2026-04-22T15:11:50","modified_gmt":"2026-04-22T13:11:50","slug":"esschert-design-kinderharke-rechen-gruen","status":"publish","type":"product","link":"https:\/\/trendsandvision.nl\/de\/product\/esschert-design-kinderharke-rechen-gruen\/","title":{"rendered":"Esschert Design Kinderharke \/Rechen  gr\u00fcn"},"content":{"rendered":"<p>CE-zertifizierte Kinderharke aus FSC-Holz und pulverbeschichtetem Metall.<br \/>\nDu bist wie ein echter G\u00e4rtner mit deinen eigenen Gartenwerkzeugen.<br \/>\nDieser gr\u00fcne Metallrechen mit Holzstiel und acht Zinken eignet sich zu einer Bodenvorbereitung vor der Aussaat und zum Einharken von Saatgut oder beispielsweise Gras. Auch zum Lockern oder Einebnen des Bodens geeignet. Aufgrund seiner L\u00e4nge ist dieser Rechen speziell f\u00fcr Kinder geeignet.<\/p>\n<p>&#8211; mit Aufh\u00e4ngeschnur<\/p>\n<p>Artikelname: Kinderrechen gr\u00fcn<br \/>\nArtikelnummer: KG99<br \/>\nProduktgruppe(n) Kinder, Gartenwerkzeuge, Metall\/Stahl\/Zink<br \/>\nProduktabmessungen in cm L 18,4 x T 7,6 x H 81,5<br \/>\nMaterial: Eisen, Pappelholz, Nylon<br \/>\nNettogewicht 0,318 kg<br \/>\nBarcode 8714982063299<br \/>\nFSC\u00ae 100%<\/p>\n","protected":false},"excerpt":{"rendered":"<p>Artikelnummer: KG99<br \/>\nL 18,4 x T 7,6 x H 81,5 cm<br \/>\nMaterial: Eisen, Pappelholz, Nylon<br \/>\nNettogewicht 0,318 kg<br \/>\nBarcode 8714982063299<br \/>\nFSC\u00ae 100%<\/p>\n","protected":false},"featured_media":5525,"template":"","meta":[],"product_brand":[9597,9598],"product_cat":[3056],"product_tag":[6809,10496,6721,6856],"class_list":{"0":"post-5524","1":"product","2":"type-product","3":"status-publish","4":"has-post-thumbnail","6":"product_brand-esschert-design","7":"product_brand-trends-and-vision","8":"product_cat-kids-in-the-garden","9":"product_tag-fsc-100","10":"product_tag-fsc-holz","11":"product_tag-gartenwerkzeuge","12":"product_tag-kinderharke","13":"pa_anbieter-esschert-design","14":"pa_ean-code-3226","15":"pa_material-gepoedercoat-metaal-en-fsc-gecertificeerd-hout","16":"pa_messungen-208x82x805-cm","18":"first","19":"instock","20":"sale","21":"taxable","22":"shipping-taxable","23":"purchasable","24":"product-type-simple","25":"czr-hentry"},"yoast_head":"<!-- This site is optimized with the Yoast SEO Premium plugin v27.4 (Yoast SEO v27.5) - https:\/\/yoast.com\/product\/yoast-seo-premium-wordpress\/ -->\n<title>Esschert Design Kinderharke gr\u00fcn (KG99, 8714982063299) - Trends &amp; Vision<\/title>\n<meta name=\"description\" content=\"Esschert Design Kinderharke gr\u00fcn: CE-zertifizierte Kinderharke aus FSC-Holz und pulverbeschichtetem Metall, Stieldurchmesser 23mm, \u00fcbriges: 20,8 x 8,2 x 80,5 cm.\" \/>\n<meta name=\"robots\" content=\"index, follow, max-snippet:-1, max-image-preview:large, max-video-preview:-1\" \/>\n<link rel=\"canonical\" href=\"https:\/\/trendsandvision.nl\/de\/product\/esschert-design-kinderharke-rechen-gruen\/\" \/>\n<meta property=\"og:locale\" content=\"de_DE\" \/>\n<meta property=\"og:type\" content=\"article\" \/>\n<meta property=\"og:title\" content=\"Esschert Design Kinderharke \/Rechen gr\u00fcn\" \/>\n<meta property=\"og:description\" content=\"Esschert Design Kinderharke gr\u00fcn: CE-zertifizierte Kinderharke aus FSC-Holz und pulverbeschichtetem Metall, Stieldurchmesser 23mm, \u00fcbriges: 20,8 x 8,2 x 80,5 cm.\" \/>\n<meta property=\"og:url\" content=\"https:\/\/trendsandvision.nl\/de\/product\/esschert-design-kinderharke-rechen-gruen\/\" \/>\n<meta property=\"og:site_name\" content=\"Trends &amp; Vision (DE)\" \/>\n<meta property=\"article:modified_time\" content=\"2026-04-22T13:11:50+00:00\" \/>\n<meta property=\"og:image\" content=\"https:\/\/trendsandvision.nl\/de\/wp-content\/uploads\/sites\/3\/2022\/04\/KG99_01.jpg\" \/>\n\t<meta property=\"og:image:width\" content=\"800\" \/>\n\t<meta property=\"og:image:height\" content=\"800\" \/>\n\t<meta property=\"og:image:type\" content=\"image\/jpeg\" \/>\n<meta name=\"twitter:card\" content=\"summary_large_image\" \/>\n<meta name=\"twitter:label1\" content=\"Gesch\u00e4tzte Lesezeit\" \/>\n\t<meta name=\"twitter:data1\" content=\"1\u00a0Minute\" \/>\n<script type=\"application\/ld+json\" class=\"yoast-schema-graph\">{\"@context\":\"https:\\\/\\\/schema.org\",\"@graph\":[{\"@type\":\"WebPage\",\"@id\":\"https:\\\/\\\/trendsandvision.nl\\\/de\\\/product\\\/esschert-design-kinderharke-rechen-gruen\\\/\",\"url\":\"https:\\\/\\\/trendsandvision.nl\\\/de\\\/product\\\/esschert-design-kinderharke-rechen-gruen\\\/\",\"name\":\"Esschert Design Kinderharke gr\u00fcn (KG99, 8714982063299) - Trends & Vision\",\"isPartOf\":{\"@id\":\"https:\\\/\\\/trendsandvision.nl\\\/de\\\/#website\"},\"primaryImageOfPage\":{\"@id\":\"https:\\\/\\\/trendsandvision.nl\\\/de\\\/product\\\/esschert-design-kinderharke-rechen-gruen\\\/#primaryimage\"},\"image\":{\"@id\":\"https:\\\/\\\/trendsandvision.nl\\\/de\\\/product\\\/esschert-design-kinderharke-rechen-gruen\\\/#primaryimage\"},\"thumbnailUrl\":\"https:\\\/\\\/trendsandvision.nl\\\/de\\\/wp-content\\\/uploads\\\/sites\\\/3\\\/2022\\\/04\\\/KG99_01.jpg\",\"datePublished\":\"2022-04-22T16:47:54+00:00\",\"dateModified\":\"2026-04-22T13:11:50+00:00\",\"description\":\"Esschert Design Kinderharke gr\u00fcn: CE-zertifizierte Kinderharke aus FSC-Holz und pulverbeschichtetem Metall, Stieldurchmesser 23mm, \u00fcbriges: 20,8 x 8,2 x 80,5 cm.\",\"breadcrumb\":{\"@id\":\"https:\\\/\\\/trendsandvision.nl\\\/de\\\/product\\\/esschert-design-kinderharke-rechen-gruen\\\/#breadcrumb\"},\"inLanguage\":\"de\",\"potentialAction\":[{\"@type\":\"ReadAction\",\"target\":[\"https:\\\/\\\/trendsandvision.nl\\\/de\\\/product\\\/esschert-design-kinderharke-rechen-gruen\\\/\"]}]},{\"@type\":\"ImageObject\",\"inLanguage\":\"de\",\"@id\":\"https:\\\/\\\/trendsandvision.nl\\\/de\\\/product\\\/esschert-design-kinderharke-rechen-gruen\\\/#primaryimage\",\"url\":\"https:\\\/\\\/trendsandvision.nl\\\/de\\\/wp-content\\\/uploads\\\/sites\\\/3\\\/2022\\\/04\\\/KG99_01.jpg\",\"contentUrl\":\"https:\\\/\\\/trendsandvision.nl\\\/de\\\/wp-content\\\/uploads\\\/sites\\\/3\\\/2022\\\/04\\\/KG99_01.jpg\",\"width\":800,\"height\":800,\"caption\":\"Esschert Design Kinderharke gr\u00fcn (KG99\"},{\"@type\":\"BreadcrumbList\",\"@id\":\"https:\\\/\\\/trendsandvision.nl\\\/de\\\/product\\\/esschert-design-kinderharke-rechen-gruen\\\/#breadcrumb\",\"itemListElement\":[{\"@type\":\"ListItem\",\"position\":1,\"name\":\"Home\",\"item\":\"https:\\\/\\\/trendsandvision.nl\\\/de\\\/\"},{\"@type\":\"ListItem\",\"position\":2,\"name\":\"Gesch\u00e4ft\",\"item\":\"https:\\\/\\\/trendsandvision.nl\\\/de\\\/geschaft\\\/\"},{\"@type\":\"ListItem\",\"position\":3,\"name\":\"Esschert Design Kinderharke \\\/Rechen gr\u00fcn\"}]},{\"@type\":\"WebSite\",\"@id\":\"https:\\\/\\\/trendsandvision.nl\\\/de\\\/#website\",\"url\":\"https:\\\/\\\/trendsandvision.nl\\\/de\\\/\",\"name\":\"Trends &amp; Vision (DE)\",\"description\":\"Der Webshop f\u00fcr Esschert Design Artikel\",\"publisher\":{\"@id\":\"https:\\\/\\\/trendsandvision.nl\\\/de\\\/#organization\"},\"potentialAction\":[{\"@type\":\"SearchAction\",\"target\":{\"@type\":\"EntryPoint\",\"urlTemplate\":\"https:\\\/\\\/trendsandvision.nl\\\/de\\\/?s={search_term_string}\"},\"query-input\":{\"@type\":\"PropertyValueSpecification\",\"valueRequired\":true,\"valueName\":\"search_term_string\"}}],\"inLanguage\":\"de\"},{\"@type\":\"Organization\",\"@id\":\"https:\\\/\\\/trendsandvision.nl\\\/de\\\/#organization\",\"name\":\"Trends &amp; Vision (DE)\",\"url\":\"https:\\\/\\\/trendsandvision.nl\\\/de\\\/\",\"logo\":{\"@type\":\"ImageObject\",\"inLanguage\":\"de\",\"@id\":\"https:\\\/\\\/trendsandvision.nl\\\/de\\\/#\\\/schema\\\/logo\\\/image\\\/\",\"url\":\"https:\\\/\\\/trendsandvision.nl\\\/de\\\/wp-content\\\/uploads\\\/sites\\\/3\\\/2022\\\/04\\\/trends-and-vision-logo.jpg\",\"contentUrl\":\"https:\\\/\\\/trendsandvision.nl\\\/de\\\/wp-content\\\/uploads\\\/sites\\\/3\\\/2022\\\/04\\\/trends-and-vision-logo.jpg\",\"width\":213,\"height\":100,\"caption\":\"Trends &amp; Vision (DE)\"},\"image\":{\"@id\":\"https:\\\/\\\/trendsandvision.nl\\\/de\\\/#\\\/schema\\\/logo\\\/image\\\/\"}}]}<\/script>\n<!-- \/ Yoast SEO Premium plugin. -->","yoast_head_json":{"title":"Esschert Design Kinderharke gr\u00fcn (KG99, 8714982063299) - Trends & Vision","description":"Esschert Design Kinderharke gr\u00fcn: CE-zertifizierte Kinderharke aus FSC-Holz und pulverbeschichtetem Metall, Stieldurchmesser 23mm, \u00fcbriges: 20,8 x 8,2 x 80,5 cm.","robots":{"index":"index","follow":"follow","max-snippet":"max-snippet:-1","max-image-preview":"max-image-preview:large","max-video-preview":"max-video-preview:-1"},"canonical":"https:\/\/trendsandvision.nl\/de\/product\/esschert-design-kinderharke-rechen-gruen\/","og_locale":"de_DE","og_type":"article","og_title":"Esschert Design Kinderharke \/Rechen gr\u00fcn","og_description":"Esschert Design Kinderharke gr\u00fcn: CE-zertifizierte Kinderharke aus FSC-Holz und pulverbeschichtetem Metall, Stieldurchmesser 23mm, \u00fcbriges: 20,8 x 8,2 x 80,5 cm.","og_url":"https:\/\/trendsandvision.nl\/de\/product\/esschert-design-kinderharke-rechen-gruen\/","og_site_name":"Trends &amp; Vision (DE)","article_modified_time":"2026-04-22T13:11:50+00:00","og_image":[{"width":800,"height":800,"url":"https:\/\/trendsandvision.nl\/de\/wp-content\/uploads\/sites\/3\/2022\/04\/KG99_01.jpg","type":"image\/jpeg"}],"twitter_card":"summary_large_image","twitter_misc":{"Gesch\u00e4tzte Lesezeit":"1\u00a0Minute"},"schema":{"@context":"https:\/\/schema.org","@graph":[{"@type":"WebPage","@id":"https:\/\/trendsandvision.nl\/de\/product\/esschert-design-kinderharke-rechen-gruen\/","url":"https:\/\/trendsandvision.nl\/de\/product\/esschert-design-kinderharke-rechen-gruen\/","name":"Esschert Design Kinderharke gr\u00fcn (KG99, 8714982063299) - Trends & Vision","isPartOf":{"@id":"https:\/\/trendsandvision.nl\/de\/#website"},"primaryImageOfPage":{"@id":"https:\/\/trendsandvision.nl\/de\/product\/esschert-design-kinderharke-rechen-gruen\/#primaryimage"},"image":{"@id":"https:\/\/trendsandvision.nl\/de\/product\/esschert-design-kinderharke-rechen-gruen\/#primaryimage"},"thumbnailUrl":"https:\/\/trendsandvision.nl\/de\/wp-content\/uploads\/sites\/3\/2022\/04\/KG99_01.jpg","datePublished":"2022-04-22T16:47:54+00:00","dateModified":"2026-04-22T13:11:50+00:00","description":"Esschert Design Kinderharke gr\u00fcn: CE-zertifizierte Kinderharke aus FSC-Holz und pulverbeschichtetem Metall, Stieldurchmesser 23mm, \u00fcbriges: 20,8 x 8,2 x 80,5 cm.","breadcrumb":{"@id":"https:\/\/trendsandvision.nl\/de\/product\/esschert-design-kinderharke-rechen-gruen\/#breadcrumb"},"inLanguage":"de","potentialAction":[{"@type":"ReadAction","target":["https:\/\/trendsandvision.nl\/de\/product\/esschert-design-kinderharke-rechen-gruen\/"]}]},{"@type":"ImageObject","inLanguage":"de","@id":"https:\/\/trendsandvision.nl\/de\/product\/esschert-design-kinderharke-rechen-gruen\/#primaryimage","url":"https:\/\/trendsandvision.nl\/de\/wp-content\/uploads\/sites\/3\/2022\/04\/KG99_01.jpg","contentUrl":"https:\/\/trendsandvision.nl\/de\/wp-content\/uploads\/sites\/3\/2022\/04\/KG99_01.jpg","width":800,"height":800,"caption":"Esschert Design Kinderharke gr\u00fcn (KG99"},{"@type":"BreadcrumbList","@id":"https:\/\/trendsandvision.nl\/de\/product\/esschert-design-kinderharke-rechen-gruen\/#breadcrumb","itemListElement":[{"@type":"ListItem","position":1,"name":"Home","item":"https:\/\/trendsandvision.nl\/de\/"},{"@type":"ListItem","position":2,"name":"Gesch\u00e4ft","item":"https:\/\/trendsandvision.nl\/de\/geschaft\/"},{"@type":"ListItem","position":3,"name":"Esschert Design Kinderharke \/Rechen gr\u00fcn"}]},{"@type":"WebSite","@id":"https:\/\/trendsandvision.nl\/de\/#website","url":"https:\/\/trendsandvision.nl\/de\/","name":"Trends &amp; Vision (DE)","description":"Der Webshop f\u00fcr Esschert Design Artikel","publisher":{"@id":"https:\/\/trendsandvision.nl\/de\/#organization"},"potentialAction":[{"@type":"SearchAction","target":{"@type":"EntryPoint","urlTemplate":"https:\/\/trendsandvision.nl\/de\/?s={search_term_string}"},"query-input":{"@type":"PropertyValueSpecification","valueRequired":true,"valueName":"search_term_string"}}],"inLanguage":"de"},{"@type":"Organization","@id":"https:\/\/trendsandvision.nl\/de\/#organization","name":"Trends &amp; Vision (DE)","url":"https:\/\/trendsandvision.nl\/de\/","logo":{"@type":"ImageObject","inLanguage":"de","@id":"https:\/\/trendsandvision.nl\/de\/#\/schema\/logo\/image\/","url":"https:\/\/trendsandvision.nl\/de\/wp-content\/uploads\/sites\/3\/2022\/04\/trends-and-vision-logo.jpg","contentUrl":"https:\/\/trendsandvision.nl\/de\/wp-content\/uploads\/sites\/3\/2022\/04\/trends-and-vision-logo.jpg","width":213,"height":100,"caption":"Trends &amp; Vision (DE)"},"image":{"@id":"https:\/\/trendsandvision.nl\/de\/#\/schema\/logo\/image\/"}}]}},"_links":{"self":[{"href":"https:\/\/trendsandvision.nl\/de\/wp-json\/wp\/v2\/product\/5524","targetHints":{"allow":["GET"]}}],"collection":[{"href":"https:\/\/trendsandvision.nl\/de\/wp-json\/wp\/v2\/product"}],"about":[{"href":"https:\/\/trendsandvision.nl\/de\/wp-json\/wp\/v2\/types\/product"}],"wp:featuredmedia":[{"embeddable":true,"href":"https:\/\/trendsandvision.nl\/de\/wp-json\/wp\/v2\/media\/5525"}],"wp:attachment":[{"href":"https:\/\/trendsandvision.nl\/de\/wp-json\/wp\/v2\/media?parent=5524"}],"wp:term":[{"taxonomy":"product_brand","embeddable":true,"href":"https:\/\/trendsandvision.nl\/de\/wp-json\/wp\/v2\/product_brand?post=5524"},{"taxonomy":"product_cat","embeddable":true,"href":"https:\/\/trendsandvision.nl\/de\/wp-json\/wp\/v2\/product_cat?post=5524"},{"taxonomy":"product_tag","embeddable":true,"href":"https:\/\/trendsandvision.nl\/de\/wp-json\/wp\/v2\/product_tag?post=5524"}],"curies":[{"name":"wp","href":"https:\/\/api.w.org\/{rel}","templated":true}]}}