{"id":18580,"date":"2024-12-22T08:44:27","date_gmt":"2024-12-22T07:44:27","guid":{"rendered":"https:\/\/trendsandvision.nl\/de\/product\/esschert-design-belle-epoque-sofa\/"},"modified":"2026-04-22T15:13:34","modified_gmt":"2026-04-22T13:13:34","slug":"esschert-design-belle-epoque-sofa","status":"publish","type":"product","link":"https:\/\/trendsandvision.nl\/de\/product\/esschert-design-belle-epoque-sofa\/","title":{"rendered":"Esschert Design Belle-\u00c9poque-Sofa"},"content":{"rendered":"<p>Verleihen Sie Ihrem Au\u00dfenbereich einen Hauch von klassischem franz\u00f6sischem Flair und schaffen Sie eine romantische, einladende Atmosph\u00e4re. Diese Bank aus Metall bietet sowohl Stil als auch Stabilit\u00e4t. Mit gro\u00dfz\u00fcgigem Platz f\u00fcr zwei Personen und bequemen Armlehnen ist sie ideal zum Entspannen.<br \/>\nDiese Sofa wird im vormontierten Zustand im Metalgestaltung geliefert und ist leicht zu montieren.<\/p>\n<p>Artikelnummer MF074 Gartenbank<br \/>\nProduktabmessungen in cm L 102,8 x T 57 x H 87,2<br \/>\nMaterial Eisen, PE<br \/>\nBruttogewicht 11,74 kg<br \/>\nNettogewicht 10,02 kg<br \/>\nBarcode 8714982283291<br \/>\nGeschwungenes Herzmotiv f\u00fcr franz\u00f6sisches Flair<br \/>\nPulverbeschichtung und E-Beschichtung<br \/>\nEinfach zu montieren<br \/>\nTragf\u00e4higkeit 220 kg<br \/>\nProduzent <a href=\"https:\/\/www.esschertdesign.com\/shop\/de\/belle-epoque-bank-mf074\" target=\"_blank\">Esschert Design<\/a><\/p>\n<p>Al unsere <strong><a href=\"https:\/\/trendsandvision.nl\/de\/?s=Belle-\u00c9poque&amp;post_type=product&amp;dgwt_wcas=1\">Belle-\u00c9poque<\/a><\/strong> Gartenm\u00f6bel<\/p>\n","protected":false},"excerpt":{"rendered":"<p>Tragf\u00e4higkeit 220 kg<br \/>\nGeschwungenes Herzmotiv f\u00fcr franz\u00f6sisches Flair<br \/>\nPulverbeschichtung und E-Beschichtung<br \/>\nEinfach zu montieren<br \/>\nL 102,8 x T 57 x H 87,2<br \/>\nMaterial Eisen, PE<br \/>\nNettogewicht 10,02 kg<br \/>\nBarcode 8714982283291<\/p>\n","protected":false},"featured_media":18581,"template":"","meta":[],"product_brand":[9597,9598],"product_cat":[741],"product_tag":[7796,9593,7789,7759,7470,7797],"class_list":{"0":"post-18580","1":"product","2":"type-product","3":"status-publish","4":"has-post-thumbnail","6":"product_brand-esschert-design","7":"product_brand-trends-and-vision","8":"product_cat-garden-furniture","9":"product_tag-bank","10":"product_tag-belle-epoque-sofa","11":"product_tag-gartenbank","12":"product_tag-gartenmoebel","13":"product_tag-metall","14":"product_tag-sofa","15":"pa_anbieter-esschert-design","16":"pa_ean-code-7702","18":"first","19":"instock","20":"sale","21":"taxable","22":"shipping-taxable","23":"purchasable","24":"product-type-simple","25":"czr-hentry"},"yoast_head":"<!-- This site is optimized with the Yoast SEO Premium plugin v27.4 (Yoast SEO v27.5) - https:\/\/yoast.com\/product\/yoast-seo-premium-wordpress\/ -->\n<title>Esschert Design Belle-\u00c9poque-Sofa (MF074 8714982283291)<\/title>\n<meta name=\"description\" content=\"ED Belle-\u00c9poque-Sofa (MF074 EAN 8714982283291) Einfach zu montieren, L 102,8 x T 57 x H 87,2 cm, Eisen, PE, Gewicht 10 kg, Tragf\u00e4higkeit 220 kg\" \/>\n<meta name=\"robots\" content=\"index, follow, max-snippet:-1, max-image-preview:large, max-video-preview:-1\" \/>\n<link rel=\"canonical\" href=\"https:\/\/trendsandvision.nl\/de\/product\/esschert-design-belle-epoque-sofa\/\" \/>\n<meta property=\"og:locale\" content=\"de_DE\" \/>\n<meta property=\"og:type\" content=\"article\" \/>\n<meta property=\"og:title\" content=\"Esschert Design Belle-\u00c9poque-Sofa\" \/>\n<meta property=\"og:description\" content=\"ED Belle-\u00c9poque-Sofa (MF074 EAN 8714982283291) Einfach zu montieren, L 102,8 x T 57 x H 87,2 cm, Eisen, PE, Gewicht 10 kg, Tragf\u00e4higkeit 220 kg\" \/>\n<meta property=\"og:url\" content=\"https:\/\/trendsandvision.nl\/de\/product\/esschert-design-belle-epoque-sofa\/\" \/>\n<meta property=\"og:site_name\" content=\"Trends &amp; Vision (DE)\" \/>\n<meta property=\"article:modified_time\" content=\"2026-04-22T13:13:34+00:00\" \/>\n<meta property=\"og:image\" content=\"https:\/\/trendsandvision.nl\/de\/wp-content\/uploads\/sites\/3\/2024\/12\/MF074_01.jpg\" \/>\n\t<meta property=\"og:image:width\" content=\"800\" \/>\n\t<meta property=\"og:image:height\" content=\"800\" \/>\n\t<meta property=\"og:image:type\" content=\"image\/jpeg\" \/>\n<meta name=\"twitter:card\" content=\"summary_large_image\" \/>\n<meta name=\"twitter:label1\" content=\"Gesch\u00e4tzte Lesezeit\" \/>\n\t<meta name=\"twitter:data1\" content=\"1\u00a0Minute\" \/>\n<script type=\"application\/ld+json\" class=\"yoast-schema-graph\">{\"@context\":\"https:\\\/\\\/schema.org\",\"@graph\":[{\"@type\":\"WebPage\",\"@id\":\"https:\\\/\\\/trendsandvision.nl\\\/de\\\/product\\\/esschert-design-belle-epoque-sofa\\\/\",\"url\":\"https:\\\/\\\/trendsandvision.nl\\\/de\\\/product\\\/esschert-design-belle-epoque-sofa\\\/\",\"name\":\"Esschert Design Belle-\u00c9poque-Sofa (MF074 8714982283291)\",\"isPartOf\":{\"@id\":\"https:\\\/\\\/trendsandvision.nl\\\/de\\\/#website\"},\"primaryImageOfPage\":{\"@id\":\"https:\\\/\\\/trendsandvision.nl\\\/de\\\/product\\\/esschert-design-belle-epoque-sofa\\\/#primaryimage\"},\"image\":{\"@id\":\"https:\\\/\\\/trendsandvision.nl\\\/de\\\/product\\\/esschert-design-belle-epoque-sofa\\\/#primaryimage\"},\"thumbnailUrl\":\"https:\\\/\\\/trendsandvision.nl\\\/de\\\/wp-content\\\/uploads\\\/sites\\\/3\\\/2024\\\/12\\\/MF074_01.jpg\",\"datePublished\":\"2024-12-22T07:44:27+00:00\",\"dateModified\":\"2026-04-22T13:13:34+00:00\",\"description\":\"ED Belle-\u00c9poque-Sofa (MF074 EAN 8714982283291) Einfach zu montieren, L 102,8 x T 57 x H 87,2 cm, Eisen, PE, Gewicht 10 kg, Tragf\u00e4higkeit 220 kg\",\"breadcrumb\":{\"@id\":\"https:\\\/\\\/trendsandvision.nl\\\/de\\\/product\\\/esschert-design-belle-epoque-sofa\\\/#breadcrumb\"},\"inLanguage\":\"de\",\"potentialAction\":[{\"@type\":\"ReadAction\",\"target\":[\"https:\\\/\\\/trendsandvision.nl\\\/de\\\/product\\\/esschert-design-belle-epoque-sofa\\\/\"]}]},{\"@type\":\"ImageObject\",\"inLanguage\":\"de\",\"@id\":\"https:\\\/\\\/trendsandvision.nl\\\/de\\\/product\\\/esschert-design-belle-epoque-sofa\\\/#primaryimage\",\"url\":\"https:\\\/\\\/trendsandvision.nl\\\/de\\\/wp-content\\\/uploads\\\/sites\\\/3\\\/2024\\\/12\\\/MF074_01.jpg\",\"contentUrl\":\"https:\\\/\\\/trendsandvision.nl\\\/de\\\/wp-content\\\/uploads\\\/sites\\\/3\\\/2024\\\/12\\\/MF074_01.jpg\",\"width\":800,\"height\":800,\"caption\":\"Trends and Vision Belle-\u00c9poque-Sofa (MF074 EAN 8714982283291) Einfach zu montieren, L 102,8 x T 57 x H 87,2 cm, Eisen, PE, Gewicht 10 kg, Tragf\u00e4higkeit 220 kg\"},{\"@type\":\"BreadcrumbList\",\"@id\":\"https:\\\/\\\/trendsandvision.nl\\\/de\\\/product\\\/esschert-design-belle-epoque-sofa\\\/#breadcrumb\",\"itemListElement\":[{\"@type\":\"ListItem\",\"position\":1,\"name\":\"Home\",\"item\":\"https:\\\/\\\/trendsandvision.nl\\\/de\\\/\"},{\"@type\":\"ListItem\",\"position\":2,\"name\":\"Gesch\u00e4ft\",\"item\":\"https:\\\/\\\/trendsandvision.nl\\\/de\\\/geschaft\\\/\"},{\"@type\":\"ListItem\",\"position\":3,\"name\":\"Esschert Design Belle-\u00c9poque-Sofa\"}]},{\"@type\":\"WebSite\",\"@id\":\"https:\\\/\\\/trendsandvision.nl\\\/de\\\/#website\",\"url\":\"https:\\\/\\\/trendsandvision.nl\\\/de\\\/\",\"name\":\"Trends &amp; Vision (DE)\",\"description\":\"Der Webshop f\u00fcr Esschert Design Artikel\",\"publisher\":{\"@id\":\"https:\\\/\\\/trendsandvision.nl\\\/de\\\/#organization\"},\"potentialAction\":[{\"@type\":\"SearchAction\",\"target\":{\"@type\":\"EntryPoint\",\"urlTemplate\":\"https:\\\/\\\/trendsandvision.nl\\\/de\\\/?s={search_term_string}\"},\"query-input\":{\"@type\":\"PropertyValueSpecification\",\"valueRequired\":true,\"valueName\":\"search_term_string\"}}],\"inLanguage\":\"de\"},{\"@type\":\"Organization\",\"@id\":\"https:\\\/\\\/trendsandvision.nl\\\/de\\\/#organization\",\"name\":\"Trends &amp; Vision (DE)\",\"url\":\"https:\\\/\\\/trendsandvision.nl\\\/de\\\/\",\"logo\":{\"@type\":\"ImageObject\",\"inLanguage\":\"de\",\"@id\":\"https:\\\/\\\/trendsandvision.nl\\\/de\\\/#\\\/schema\\\/logo\\\/image\\\/\",\"url\":\"https:\\\/\\\/trendsandvision.nl\\\/de\\\/wp-content\\\/uploads\\\/sites\\\/3\\\/2022\\\/04\\\/trends-and-vision-logo.jpg\",\"contentUrl\":\"https:\\\/\\\/trendsandvision.nl\\\/de\\\/wp-content\\\/uploads\\\/sites\\\/3\\\/2022\\\/04\\\/trends-and-vision-logo.jpg\",\"width\":213,\"height\":100,\"caption\":\"Trends &amp; Vision (DE)\"},\"image\":{\"@id\":\"https:\\\/\\\/trendsandvision.nl\\\/de\\\/#\\\/schema\\\/logo\\\/image\\\/\"}}]}<\/script>\n<!-- \/ Yoast SEO Premium plugin. -->","yoast_head_json":{"title":"Esschert Design Belle-\u00c9poque-Sofa (MF074 8714982283291)","description":"ED Belle-\u00c9poque-Sofa (MF074 EAN 8714982283291) Einfach zu montieren, L 102,8 x T 57 x H 87,2 cm, Eisen, PE, Gewicht 10 kg, Tragf\u00e4higkeit 220 kg","robots":{"index":"index","follow":"follow","max-snippet":"max-snippet:-1","max-image-preview":"max-image-preview:large","max-video-preview":"max-video-preview:-1"},"canonical":"https:\/\/trendsandvision.nl\/de\/product\/esschert-design-belle-epoque-sofa\/","og_locale":"de_DE","og_type":"article","og_title":"Esschert Design Belle-\u00c9poque-Sofa","og_description":"ED Belle-\u00c9poque-Sofa (MF074 EAN 8714982283291) Einfach zu montieren, L 102,8 x T 57 x H 87,2 cm, Eisen, PE, Gewicht 10 kg, Tragf\u00e4higkeit 220 kg","og_url":"https:\/\/trendsandvision.nl\/de\/product\/esschert-design-belle-epoque-sofa\/","og_site_name":"Trends &amp; Vision (DE)","article_modified_time":"2026-04-22T13:13:34+00:00","og_image":[{"width":800,"height":800,"url":"https:\/\/trendsandvision.nl\/de\/wp-content\/uploads\/sites\/3\/2024\/12\/MF074_01.jpg","type":"image\/jpeg"}],"twitter_card":"summary_large_image","twitter_misc":{"Gesch\u00e4tzte Lesezeit":"1\u00a0Minute"},"schema":{"@context":"https:\/\/schema.org","@graph":[{"@type":"WebPage","@id":"https:\/\/trendsandvision.nl\/de\/product\/esschert-design-belle-epoque-sofa\/","url":"https:\/\/trendsandvision.nl\/de\/product\/esschert-design-belle-epoque-sofa\/","name":"Esschert Design Belle-\u00c9poque-Sofa (MF074 8714982283291)","isPartOf":{"@id":"https:\/\/trendsandvision.nl\/de\/#website"},"primaryImageOfPage":{"@id":"https:\/\/trendsandvision.nl\/de\/product\/esschert-design-belle-epoque-sofa\/#primaryimage"},"image":{"@id":"https:\/\/trendsandvision.nl\/de\/product\/esschert-design-belle-epoque-sofa\/#primaryimage"},"thumbnailUrl":"https:\/\/trendsandvision.nl\/de\/wp-content\/uploads\/sites\/3\/2024\/12\/MF074_01.jpg","datePublished":"2024-12-22T07:44:27+00:00","dateModified":"2026-04-22T13:13:34+00:00","description":"ED Belle-\u00c9poque-Sofa (MF074 EAN 8714982283291) Einfach zu montieren, L 102,8 x T 57 x H 87,2 cm, Eisen, PE, Gewicht 10 kg, Tragf\u00e4higkeit 220 kg","breadcrumb":{"@id":"https:\/\/trendsandvision.nl\/de\/product\/esschert-design-belle-epoque-sofa\/#breadcrumb"},"inLanguage":"de","potentialAction":[{"@type":"ReadAction","target":["https:\/\/trendsandvision.nl\/de\/product\/esschert-design-belle-epoque-sofa\/"]}]},{"@type":"ImageObject","inLanguage":"de","@id":"https:\/\/trendsandvision.nl\/de\/product\/esschert-design-belle-epoque-sofa\/#primaryimage","url":"https:\/\/trendsandvision.nl\/de\/wp-content\/uploads\/sites\/3\/2024\/12\/MF074_01.jpg","contentUrl":"https:\/\/trendsandvision.nl\/de\/wp-content\/uploads\/sites\/3\/2024\/12\/MF074_01.jpg","width":800,"height":800,"caption":"Trends and Vision Belle-\u00c9poque-Sofa (MF074 EAN 8714982283291) Einfach zu montieren, L 102,8 x T 57 x H 87,2 cm, Eisen, PE, Gewicht 10 kg, Tragf\u00e4higkeit 220 kg"},{"@type":"BreadcrumbList","@id":"https:\/\/trendsandvision.nl\/de\/product\/esschert-design-belle-epoque-sofa\/#breadcrumb","itemListElement":[{"@type":"ListItem","position":1,"name":"Home","item":"https:\/\/trendsandvision.nl\/de\/"},{"@type":"ListItem","position":2,"name":"Gesch\u00e4ft","item":"https:\/\/trendsandvision.nl\/de\/geschaft\/"},{"@type":"ListItem","position":3,"name":"Esschert Design Belle-\u00c9poque-Sofa"}]},{"@type":"WebSite","@id":"https:\/\/trendsandvision.nl\/de\/#website","url":"https:\/\/trendsandvision.nl\/de\/","name":"Trends &amp; Vision (DE)","description":"Der Webshop f\u00fcr Esschert Design Artikel","publisher":{"@id":"https:\/\/trendsandvision.nl\/de\/#organization"},"potentialAction":[{"@type":"SearchAction","target":{"@type":"EntryPoint","urlTemplate":"https:\/\/trendsandvision.nl\/de\/?s={search_term_string}"},"query-input":{"@type":"PropertyValueSpecification","valueRequired":true,"valueName":"search_term_string"}}],"inLanguage":"de"},{"@type":"Organization","@id":"https:\/\/trendsandvision.nl\/de\/#organization","name":"Trends &amp; Vision (DE)","url":"https:\/\/trendsandvision.nl\/de\/","logo":{"@type":"ImageObject","inLanguage":"de","@id":"https:\/\/trendsandvision.nl\/de\/#\/schema\/logo\/image\/","url":"https:\/\/trendsandvision.nl\/de\/wp-content\/uploads\/sites\/3\/2022\/04\/trends-and-vision-logo.jpg","contentUrl":"https:\/\/trendsandvision.nl\/de\/wp-content\/uploads\/sites\/3\/2022\/04\/trends-and-vision-logo.jpg","width":213,"height":100,"caption":"Trends &amp; Vision (DE)"},"image":{"@id":"https:\/\/trendsandvision.nl\/de\/#\/schema\/logo\/image\/"}}]}},"_links":{"self":[{"href":"https:\/\/trendsandvision.nl\/de\/wp-json\/wp\/v2\/product\/18580","targetHints":{"allow":["GET"]}}],"collection":[{"href":"https:\/\/trendsandvision.nl\/de\/wp-json\/wp\/v2\/product"}],"about":[{"href":"https:\/\/trendsandvision.nl\/de\/wp-json\/wp\/v2\/types\/product"}],"wp:featuredmedia":[{"embeddable":true,"href":"https:\/\/trendsandvision.nl\/de\/wp-json\/wp\/v2\/media\/18581"}],"wp:attachment":[{"href":"https:\/\/trendsandvision.nl\/de\/wp-json\/wp\/v2\/media?parent=18580"}],"wp:term":[{"taxonomy":"product_brand","embeddable":true,"href":"https:\/\/trendsandvision.nl\/de\/wp-json\/wp\/v2\/product_brand?post=18580"},{"taxonomy":"product_cat","embeddable":true,"href":"https:\/\/trendsandvision.nl\/de\/wp-json\/wp\/v2\/product_cat?post=18580"},{"taxonomy":"product_tag","embeddable":true,"href":"https:\/\/trendsandvision.nl\/de\/wp-json\/wp\/v2\/product_tag?post=18580"}],"curies":[{"name":"wp","href":"https:\/\/api.w.org\/{rel}","templated":true}]}}