{"id":18576,"date":"2024-12-22T08:44:21","date_gmt":"2024-12-22T07:44:21","guid":{"rendered":"https:\/\/trendsandvision.nl\/de\/product\/esschert-design-belle-epoque-stuhl-mit-armlehne\/"},"modified":"2026-04-22T15:13:33","modified_gmt":"2026-04-22T13:13:33","slug":"esschert-design-belle-epoque-stuhl-mit-armlehne","status":"publish","type":"product","link":"https:\/\/trendsandvision.nl\/de\/product\/esschert-design-belle-epoque-stuhl-mit-armlehne\/","title":{"rendered":"Esschert Design Belle-\u00c9poque-Stuhl mit Armlehne"},"content":{"rendered":"<p>Esschert Design Belle-\u00c9poque-Stuhl mit Armlehne.<br \/>\nDieser Stuhl ist alles andere als gew\u00f6hnlich. Das geschwungene Herzmotiv in der R\u00fcckenlehne verleiht jedem Au\u00dfenbereich einen klassischen franz\u00f6sischen Charme. Der Stuhl besteht aus Metall, ist stabil und ideal f\u00fcr den Einsatz im Freien. Die Armlehnen sorgen f\u00fcr zus\u00e4tzlichen Komfort. Das Highlight deiner <strong><a href=\"https:\/\/trendsandvision.nl\/de\/?s=Gartenm\u00f6bel&amp;post_type=product&amp;dgwt_wcas=1\">Gartenm\u00f6belkollektion<\/a><\/strong>.<\/p>\n<p>Artikelnummer MF072<br \/>\nProduktabmessungen in cm L 55,7 x T 49,2 x H 90,5<br \/>\nMaterial Eisen, PE<br \/>\nPulverbeschichtet und mit E-Beschichtung<br \/>\nNettogewicht 3,86 kg<br \/>\nBarcode 8714982283277<br \/>\nTragf\u00e4higkeit 160 kg<br \/>\nKeine Montage erforderlich<br \/>\nStapelbar<br \/>\nProduzent <a href=\"https:\/\/www.esschertdesign.com\/shop\/de\/belle-epoque-stoel-met-armleuning-mf072\" target=\"_blank\">Esschert Design<\/a><\/p>\n","protected":false},"excerpt":{"rendered":"<p>Keine Montage erforderlich<br \/>\nStapelbar<br \/>\nL 55,7 x T 49,2 x H 90,5 cm<br \/>\nMaterial Eisen, PE<br \/>\nNettogewicht 3,86 kg<br \/>\nBarcode 8714982283277<br \/>\nTragf\u00e4higkeit 160 kg<\/p>\n","protected":false},"featured_media":18577,"template":"","meta":[],"product_brand":[9597,9598],"product_cat":[741],"product_tag":[7798,9594,7759,7794,7470,7799],"class_list":{"0":"post-18576","1":"product","2":"type-product","3":"status-publish","4":"has-post-thumbnail","6":"product_brand-esschert-design","7":"product_brand-trends-and-vision","8":"product_cat-garden-furniture","9":"product_tag-armlehne","10":"product_tag-belle-epoque-schaukelstuhl","11":"product_tag-gartenmoebel","12":"product_tag-gartenstuhl","13":"product_tag-metall","14":"product_tag-stuhl","15":"pa_anbieter-esschert-design","16":"pa_ean-code-7700","18":"first","19":"instock","20":"sale","21":"taxable","22":"shipping-taxable","23":"purchasable","24":"product-type-simple","25":"czr-hentry"},"yoast_head":"<!-- This site is optimized with the Yoast SEO Premium plugin v27.4 (Yoast SEO v27.5) - https:\/\/yoast.com\/product\/yoast-seo-premium-wordpress\/ -->\n<title>Esschert Design Belle-\u00c9poque-Stuhl mit Armlehne (MF072 )<\/title>\n<meta name=\"description\" content=\"Esschert Design Belle-\u00c9poque-Stuhl mit Armlehne MF072 EAN 8714982283277) Stapelbar, L 55,7 x T 49,2 x H 90,5 cm Eisen, PE, Gewicht 3,86 kg, max. 160 kg\" \/>\n<meta name=\"robots\" content=\"index, follow, max-snippet:-1, max-image-preview:large, max-video-preview:-1\" \/>\n<link rel=\"canonical\" href=\"https:\/\/trendsandvision.nl\/de\/product\/esschert-design-belle-epoque-stuhl-mit-armlehne\/\" \/>\n<meta property=\"og:locale\" content=\"de_DE\" \/>\n<meta property=\"og:type\" content=\"article\" \/>\n<meta property=\"og:title\" content=\"Esschert Design Belle-\u00c9poque-Stuhl mit Armlehne\" \/>\n<meta property=\"og:description\" content=\"Esschert Design Belle-\u00c9poque-Stuhl mit Armlehne MF072 EAN 8714982283277) Stapelbar, L 55,7 x T 49,2 x H 90,5 cm Eisen, PE, Gewicht 3,86 kg, max. 160 kg\" \/>\n<meta property=\"og:url\" content=\"https:\/\/trendsandvision.nl\/de\/product\/esschert-design-belle-epoque-stuhl-mit-armlehne\/\" \/>\n<meta property=\"og:site_name\" content=\"Trends &amp; Vision (DE)\" \/>\n<meta property=\"article:modified_time\" content=\"2026-04-22T13:13:33+00:00\" \/>\n<meta property=\"og:image\" content=\"https:\/\/trendsandvision.nl\/de\/wp-content\/uploads\/sites\/3\/2024\/12\/MF072_01.jpg\" \/>\n\t<meta property=\"og:image:width\" content=\"800\" \/>\n\t<meta property=\"og:image:height\" content=\"800\" \/>\n\t<meta property=\"og:image:type\" content=\"image\/jpeg\" \/>\n<meta name=\"twitter:card\" content=\"summary_large_image\" \/>\n<meta name=\"twitter:label1\" content=\"Gesch\u00e4tzte Lesezeit\" \/>\n\t<meta name=\"twitter:data1\" content=\"1\u00a0Minute\" \/>\n<script type=\"application\/ld+json\" class=\"yoast-schema-graph\">{\"@context\":\"https:\\\/\\\/schema.org\",\"@graph\":[{\"@type\":\"WebPage\",\"@id\":\"https:\\\/\\\/trendsandvision.nl\\\/de\\\/product\\\/esschert-design-belle-epoque-stuhl-mit-armlehne\\\/\",\"url\":\"https:\\\/\\\/trendsandvision.nl\\\/de\\\/product\\\/esschert-design-belle-epoque-stuhl-mit-armlehne\\\/\",\"name\":\"Esschert Design Belle-\u00c9poque-Stuhl mit Armlehne (MF072 )\",\"isPartOf\":{\"@id\":\"https:\\\/\\\/trendsandvision.nl\\\/de\\\/#website\"},\"primaryImageOfPage\":{\"@id\":\"https:\\\/\\\/trendsandvision.nl\\\/de\\\/product\\\/esschert-design-belle-epoque-stuhl-mit-armlehne\\\/#primaryimage\"},\"image\":{\"@id\":\"https:\\\/\\\/trendsandvision.nl\\\/de\\\/product\\\/esschert-design-belle-epoque-stuhl-mit-armlehne\\\/#primaryimage\"},\"thumbnailUrl\":\"https:\\\/\\\/trendsandvision.nl\\\/de\\\/wp-content\\\/uploads\\\/sites\\\/3\\\/2024\\\/12\\\/MF072_01.jpg\",\"datePublished\":\"2024-12-22T07:44:21+00:00\",\"dateModified\":\"2026-04-22T13:13:33+00:00\",\"description\":\"Esschert Design Belle-\u00c9poque-Stuhl mit Armlehne MF072 EAN 8714982283277) Stapelbar, L 55,7 x T 49,2 x H 90,5 cm Eisen, PE, Gewicht 3,86 kg, max. 160 kg\",\"breadcrumb\":{\"@id\":\"https:\\\/\\\/trendsandvision.nl\\\/de\\\/product\\\/esschert-design-belle-epoque-stuhl-mit-armlehne\\\/#breadcrumb\"},\"inLanguage\":\"de\",\"potentialAction\":[{\"@type\":\"ReadAction\",\"target\":[\"https:\\\/\\\/trendsandvision.nl\\\/de\\\/product\\\/esschert-design-belle-epoque-stuhl-mit-armlehne\\\/\"]}]},{\"@type\":\"ImageObject\",\"inLanguage\":\"de\",\"@id\":\"https:\\\/\\\/trendsandvision.nl\\\/de\\\/product\\\/esschert-design-belle-epoque-stuhl-mit-armlehne\\\/#primaryimage\",\"url\":\"https:\\\/\\\/trendsandvision.nl\\\/de\\\/wp-content\\\/uploads\\\/sites\\\/3\\\/2024\\\/12\\\/MF072_01.jpg\",\"contentUrl\":\"https:\\\/\\\/trendsandvision.nl\\\/de\\\/wp-content\\\/uploads\\\/sites\\\/3\\\/2024\\\/12\\\/MF072_01.jpg\",\"width\":800,\"height\":800,\"caption\":\"Trends and Vision Belle-\u00c9poque-Stuhl mit Armlehne MF072 EAN 8714982283277) Stapelbar, L 55,7 x T 49,2 x H 90,5 cm Eisen, PE, Gewicht 3,86 kg, max. 160 kg\"},{\"@type\":\"BreadcrumbList\",\"@id\":\"https:\\\/\\\/trendsandvision.nl\\\/de\\\/product\\\/esschert-design-belle-epoque-stuhl-mit-armlehne\\\/#breadcrumb\",\"itemListElement\":[{\"@type\":\"ListItem\",\"position\":1,\"name\":\"Home\",\"item\":\"https:\\\/\\\/trendsandvision.nl\\\/de\\\/\"},{\"@type\":\"ListItem\",\"position\":2,\"name\":\"Gesch\u00e4ft\",\"item\":\"https:\\\/\\\/trendsandvision.nl\\\/de\\\/geschaft\\\/\"},{\"@type\":\"ListItem\",\"position\":3,\"name\":\"Esschert Design Belle-\u00c9poque-Stuhl mit Armlehne\"}]},{\"@type\":\"WebSite\",\"@id\":\"https:\\\/\\\/trendsandvision.nl\\\/de\\\/#website\",\"url\":\"https:\\\/\\\/trendsandvision.nl\\\/de\\\/\",\"name\":\"Trends &amp; Vision (DE)\",\"description\":\"Der Webshop f\u00fcr Esschert Design Artikel\",\"publisher\":{\"@id\":\"https:\\\/\\\/trendsandvision.nl\\\/de\\\/#organization\"},\"potentialAction\":[{\"@type\":\"SearchAction\",\"target\":{\"@type\":\"EntryPoint\",\"urlTemplate\":\"https:\\\/\\\/trendsandvision.nl\\\/de\\\/?s={search_term_string}\"},\"query-input\":{\"@type\":\"PropertyValueSpecification\",\"valueRequired\":true,\"valueName\":\"search_term_string\"}}],\"inLanguage\":\"de\"},{\"@type\":\"Organization\",\"@id\":\"https:\\\/\\\/trendsandvision.nl\\\/de\\\/#organization\",\"name\":\"Trends &amp; Vision (DE)\",\"url\":\"https:\\\/\\\/trendsandvision.nl\\\/de\\\/\",\"logo\":{\"@type\":\"ImageObject\",\"inLanguage\":\"de\",\"@id\":\"https:\\\/\\\/trendsandvision.nl\\\/de\\\/#\\\/schema\\\/logo\\\/image\\\/\",\"url\":\"https:\\\/\\\/trendsandvision.nl\\\/de\\\/wp-content\\\/uploads\\\/sites\\\/3\\\/2022\\\/04\\\/trends-and-vision-logo.jpg\",\"contentUrl\":\"https:\\\/\\\/trendsandvision.nl\\\/de\\\/wp-content\\\/uploads\\\/sites\\\/3\\\/2022\\\/04\\\/trends-and-vision-logo.jpg\",\"width\":213,\"height\":100,\"caption\":\"Trends &amp; Vision (DE)\"},\"image\":{\"@id\":\"https:\\\/\\\/trendsandvision.nl\\\/de\\\/#\\\/schema\\\/logo\\\/image\\\/\"}}]}<\/script>\n<!-- \/ Yoast SEO Premium plugin. -->","yoast_head_json":{"title":"Esschert Design Belle-\u00c9poque-Stuhl mit Armlehne (MF072 )","description":"Esschert Design Belle-\u00c9poque-Stuhl mit Armlehne MF072 EAN 8714982283277) Stapelbar, L 55,7 x T 49,2 x H 90,5 cm Eisen, PE, Gewicht 3,86 kg, max. 160 kg","robots":{"index":"index","follow":"follow","max-snippet":"max-snippet:-1","max-image-preview":"max-image-preview:large","max-video-preview":"max-video-preview:-1"},"canonical":"https:\/\/trendsandvision.nl\/de\/product\/esschert-design-belle-epoque-stuhl-mit-armlehne\/","og_locale":"de_DE","og_type":"article","og_title":"Esschert Design Belle-\u00c9poque-Stuhl mit Armlehne","og_description":"Esschert Design Belle-\u00c9poque-Stuhl mit Armlehne MF072 EAN 8714982283277) Stapelbar, L 55,7 x T 49,2 x H 90,5 cm Eisen, PE, Gewicht 3,86 kg, max. 160 kg","og_url":"https:\/\/trendsandvision.nl\/de\/product\/esschert-design-belle-epoque-stuhl-mit-armlehne\/","og_site_name":"Trends &amp; Vision (DE)","article_modified_time":"2026-04-22T13:13:33+00:00","og_image":[{"width":800,"height":800,"url":"https:\/\/trendsandvision.nl\/de\/wp-content\/uploads\/sites\/3\/2024\/12\/MF072_01.jpg","type":"image\/jpeg"}],"twitter_card":"summary_large_image","twitter_misc":{"Gesch\u00e4tzte Lesezeit":"1\u00a0Minute"},"schema":{"@context":"https:\/\/schema.org","@graph":[{"@type":"WebPage","@id":"https:\/\/trendsandvision.nl\/de\/product\/esschert-design-belle-epoque-stuhl-mit-armlehne\/","url":"https:\/\/trendsandvision.nl\/de\/product\/esschert-design-belle-epoque-stuhl-mit-armlehne\/","name":"Esschert Design Belle-\u00c9poque-Stuhl mit Armlehne (MF072 )","isPartOf":{"@id":"https:\/\/trendsandvision.nl\/de\/#website"},"primaryImageOfPage":{"@id":"https:\/\/trendsandvision.nl\/de\/product\/esschert-design-belle-epoque-stuhl-mit-armlehne\/#primaryimage"},"image":{"@id":"https:\/\/trendsandvision.nl\/de\/product\/esschert-design-belle-epoque-stuhl-mit-armlehne\/#primaryimage"},"thumbnailUrl":"https:\/\/trendsandvision.nl\/de\/wp-content\/uploads\/sites\/3\/2024\/12\/MF072_01.jpg","datePublished":"2024-12-22T07:44:21+00:00","dateModified":"2026-04-22T13:13:33+00:00","description":"Esschert Design Belle-\u00c9poque-Stuhl mit Armlehne MF072 EAN 8714982283277) Stapelbar, L 55,7 x T 49,2 x H 90,5 cm Eisen, PE, Gewicht 3,86 kg, max. 160 kg","breadcrumb":{"@id":"https:\/\/trendsandvision.nl\/de\/product\/esschert-design-belle-epoque-stuhl-mit-armlehne\/#breadcrumb"},"inLanguage":"de","potentialAction":[{"@type":"ReadAction","target":["https:\/\/trendsandvision.nl\/de\/product\/esschert-design-belle-epoque-stuhl-mit-armlehne\/"]}]},{"@type":"ImageObject","inLanguage":"de","@id":"https:\/\/trendsandvision.nl\/de\/product\/esschert-design-belle-epoque-stuhl-mit-armlehne\/#primaryimage","url":"https:\/\/trendsandvision.nl\/de\/wp-content\/uploads\/sites\/3\/2024\/12\/MF072_01.jpg","contentUrl":"https:\/\/trendsandvision.nl\/de\/wp-content\/uploads\/sites\/3\/2024\/12\/MF072_01.jpg","width":800,"height":800,"caption":"Trends and Vision Belle-\u00c9poque-Stuhl mit Armlehne MF072 EAN 8714982283277) Stapelbar, L 55,7 x T 49,2 x H 90,5 cm Eisen, PE, Gewicht 3,86 kg, max. 160 kg"},{"@type":"BreadcrumbList","@id":"https:\/\/trendsandvision.nl\/de\/product\/esschert-design-belle-epoque-stuhl-mit-armlehne\/#breadcrumb","itemListElement":[{"@type":"ListItem","position":1,"name":"Home","item":"https:\/\/trendsandvision.nl\/de\/"},{"@type":"ListItem","position":2,"name":"Gesch\u00e4ft","item":"https:\/\/trendsandvision.nl\/de\/geschaft\/"},{"@type":"ListItem","position":3,"name":"Esschert Design Belle-\u00c9poque-Stuhl mit Armlehne"}]},{"@type":"WebSite","@id":"https:\/\/trendsandvision.nl\/de\/#website","url":"https:\/\/trendsandvision.nl\/de\/","name":"Trends &amp; Vision (DE)","description":"Der Webshop f\u00fcr Esschert Design Artikel","publisher":{"@id":"https:\/\/trendsandvision.nl\/de\/#organization"},"potentialAction":[{"@type":"SearchAction","target":{"@type":"EntryPoint","urlTemplate":"https:\/\/trendsandvision.nl\/de\/?s={search_term_string}"},"query-input":{"@type":"PropertyValueSpecification","valueRequired":true,"valueName":"search_term_string"}}],"inLanguage":"de"},{"@type":"Organization","@id":"https:\/\/trendsandvision.nl\/de\/#organization","name":"Trends &amp; Vision (DE)","url":"https:\/\/trendsandvision.nl\/de\/","logo":{"@type":"ImageObject","inLanguage":"de","@id":"https:\/\/trendsandvision.nl\/de\/#\/schema\/logo\/image\/","url":"https:\/\/trendsandvision.nl\/de\/wp-content\/uploads\/sites\/3\/2022\/04\/trends-and-vision-logo.jpg","contentUrl":"https:\/\/trendsandvision.nl\/de\/wp-content\/uploads\/sites\/3\/2022\/04\/trends-and-vision-logo.jpg","width":213,"height":100,"caption":"Trends &amp; Vision (DE)"},"image":{"@id":"https:\/\/trendsandvision.nl\/de\/#\/schema\/logo\/image\/"}}]}},"_links":{"self":[{"href":"https:\/\/trendsandvision.nl\/de\/wp-json\/wp\/v2\/product\/18576","targetHints":{"allow":["GET"]}}],"collection":[{"href":"https:\/\/trendsandvision.nl\/de\/wp-json\/wp\/v2\/product"}],"about":[{"href":"https:\/\/trendsandvision.nl\/de\/wp-json\/wp\/v2\/types\/product"}],"wp:featuredmedia":[{"embeddable":true,"href":"https:\/\/trendsandvision.nl\/de\/wp-json\/wp\/v2\/media\/18577"}],"wp:attachment":[{"href":"https:\/\/trendsandvision.nl\/de\/wp-json\/wp\/v2\/media?parent=18576"}],"wp:term":[{"taxonomy":"product_brand","embeddable":true,"href":"https:\/\/trendsandvision.nl\/de\/wp-json\/wp\/v2\/product_brand?post=18576"},{"taxonomy":"product_cat","embeddable":true,"href":"https:\/\/trendsandvision.nl\/de\/wp-json\/wp\/v2\/product_cat?post=18576"},{"taxonomy":"product_tag","embeddable":true,"href":"https:\/\/trendsandvision.nl\/de\/wp-json\/wp\/v2\/product_tag?post=18576"}],"curies":[{"name":"wp","href":"https:\/\/api.w.org\/{rel}","templated":true}]}}