{"id":18428,"date":"2024-12-22T08:42:33","date_gmt":"2024-12-22T07:42:33","guid":{"rendered":"https:\/\/trendsandvision.nl\/de\/product\/esschert-design-schwarze-sonnenblumenkerne-22-kg-eimer\/"},"modified":"2026-04-22T15:00:14","modified_gmt":"2026-04-22T13:00:14","slug":"esschert-design-schwarze-sonnenblumenkerne-22-kg-eimer","status":"publish","type":"product","link":"https:\/\/trendsandvision.nl\/de\/product\/esschert-design-schwarze-sonnenblumenkerne-22-kg-eimer\/","title":{"rendered":"Esschert Design Schwarze Sonnenblumenkerne, 2,2 kg Eimer"},"content":{"rendered":"<p>Esschert Design Schwarze Sonnenblumenkerne, 2,2 kg Eimer.<br \/>\nDiese Sonnenblumenkerne sind speziell ausgew\u00e4hlt, um den Bed\u00fcrfnissen von Wildv\u00f6geln gerecht zu werden. Schwarze Sonnenblumenkerne sind n\u00e4hrstoffreich und bieten eine energiereiche Futterquelle, die V\u00f6geln hilft, den Herausforderungen des Alltags zu begegnen. Sie sind bei Vogelliebhabern besonders beliebt und ziehen viele Vogelarten an, darunter Meisen, Finken, Spatzen und Drosseln. Unsere Sonnenblumenkerne sind von h\u00f6chster Qualit\u00e4t und enthalten keine Zusatzstoffe oder Konservierungsmittel. In einer praktischen Verpackung geliefert, die das F\u00fcttern erleichtert.<\/p>\n<p>Artikelnummer FB960<br \/>\nProduktgruppe(n) V\u00f6gel &amp; Gartentiere, Futter, Streufutter<br \/>\nProduktabmessungen in cm \u00f8 L 23 x T 23 x H 20<br \/>\nMaterial Schwarze Sonnenblumenkerne<br \/>\nAnalytische Bestandteile: Rohfett 44,7%, Rohfaser 16,4%, Rohprotein 15,6%, Kohlenhydrate 14,6%, Feuchtigkeit 6%, Asche 2,7%<br \/>\nNettogewicht 2,2 kg<br \/>\nBarcode 8714982278280<br \/>\nProduzent <a href=\"https:\/\/www.esschertdesign.com\/shop\/de\/zwarte-zonnebloempitten-2-2kg-emmer-fb960\" target=\"_blank\">Esschert Design<\/a><\/p>\n","protected":false},"excerpt":{"rendered":"<p>\u00f8 L 23 x T 23 x H 20 cm<br \/>\nSchwarze Sonnenblumenkerne<br \/>\nLeicht zur transportieren<br \/>\nEinfach stapel<br \/>\nund verstaubar<br \/>\nNagetiersichere Aufbewahrung<br \/>\nNettogewicht 2,2 kg<br \/>\nBarcode 8714982278280<\/p>\n","protected":false},"featured_media":18429,"template":"","meta":[],"product_brand":[9597,9598],"product_cat":[1315],"product_tag":[6767,7861,7860,7151,7437,6953],"class_list":{"0":"post-18428","1":"product","2":"type-product","3":"status-publish","4":"has-post-thumbnail","6":"product_brand-esschert-design","7":"product_brand-trends-and-vision","8":"product_cat-best-for-birds","9":"product_tag-abschliessbar","10":"product_tag-incl-handgriff","11":"product_tag-leicht-tragbar","12":"product_tag-sonnenblumenkerne","13":"product_tag-stapelbar","14":"product_tag-vogelfutter","15":"pa_anbieter-esschert-design","16":"pa_ean-code-7659","18":"first","19":"instock","20":"sale","21":"taxable","22":"shipping-taxable","23":"purchasable","24":"product-type-simple","25":"czr-hentry"},"yoast_head":"<!-- This site is optimized with the Yoast SEO Premium plugin v27.4 (Yoast SEO v27.5) - https:\/\/yoast.com\/product\/yoast-seo-premium-wordpress\/ -->\n<title>Esschert Design Schwarze Sonnenblumenkerne, 2,2 kg Eimer<\/title>\n<meta name=\"description\" content=\"Esschert Design (FB960 8714982278280) cm \u00f8 L 23 x T 23 x H 20- Material Schwarze Sonnenblumenkerne -Nettogewicht 2,2 kg - eimer\" \/>\n<meta name=\"robots\" content=\"index, follow, max-snippet:-1, max-image-preview:large, max-video-preview:-1\" \/>\n<link rel=\"canonical\" href=\"https:\/\/trendsandvision.nl\/de\/product\/esschert-design-schwarze-sonnenblumenkerne-22-kg-eimer\/\" \/>\n<meta property=\"og:locale\" content=\"de_DE\" \/>\n<meta property=\"og:type\" content=\"article\" \/>\n<meta property=\"og:title\" content=\"Esschert Design Schwarze Sonnenblumenkerne, 2,2 kg Eimer\" \/>\n<meta property=\"og:description\" content=\"Esschert Design (FB960 8714982278280) cm \u00f8 L 23 x T 23 x H 20- Material Schwarze Sonnenblumenkerne -Nettogewicht 2,2 kg - eimer\" \/>\n<meta property=\"og:url\" content=\"https:\/\/trendsandvision.nl\/de\/product\/esschert-design-schwarze-sonnenblumenkerne-22-kg-eimer\/\" \/>\n<meta property=\"og:site_name\" content=\"Trends &amp; Vision (DE)\" \/>\n<meta property=\"article:modified_time\" content=\"2026-04-22T13:00:14+00:00\" \/>\n<meta property=\"og:image\" content=\"https:\/\/trendsandvision.nl\/de\/wp-content\/uploads\/sites\/3\/2024\/12\/FB960_01.jpg\" \/>\n\t<meta property=\"og:image:width\" content=\"800\" \/>\n\t<meta property=\"og:image:height\" content=\"800\" \/>\n\t<meta property=\"og:image:type\" content=\"image\/jpeg\" \/>\n<meta name=\"twitter:card\" content=\"summary_large_image\" \/>\n<meta name=\"twitter:label1\" content=\"Gesch\u00e4tzte Lesezeit\" \/>\n\t<meta name=\"twitter:data1\" content=\"1\u00a0Minute\" \/>\n<script type=\"application\/ld+json\" class=\"yoast-schema-graph\">{\"@context\":\"https:\\\/\\\/schema.org\",\"@graph\":[{\"@type\":\"WebPage\",\"@id\":\"https:\\\/\\\/trendsandvision.nl\\\/de\\\/product\\\/esschert-design-schwarze-sonnenblumenkerne-22-kg-eimer\\\/\",\"url\":\"https:\\\/\\\/trendsandvision.nl\\\/de\\\/product\\\/esschert-design-schwarze-sonnenblumenkerne-22-kg-eimer\\\/\",\"name\":\"Esschert Design Schwarze Sonnenblumenkerne, 2,2 kg Eimer\",\"isPartOf\":{\"@id\":\"https:\\\/\\\/trendsandvision.nl\\\/de\\\/#website\"},\"primaryImageOfPage\":{\"@id\":\"https:\\\/\\\/trendsandvision.nl\\\/de\\\/product\\\/esschert-design-schwarze-sonnenblumenkerne-22-kg-eimer\\\/#primaryimage\"},\"image\":{\"@id\":\"https:\\\/\\\/trendsandvision.nl\\\/de\\\/product\\\/esschert-design-schwarze-sonnenblumenkerne-22-kg-eimer\\\/#primaryimage\"},\"thumbnailUrl\":\"https:\\\/\\\/trendsandvision.nl\\\/de\\\/wp-content\\\/uploads\\\/sites\\\/3\\\/2024\\\/12\\\/FB960_01.jpg\",\"datePublished\":\"2024-12-22T07:42:33+00:00\",\"dateModified\":\"2026-04-22T13:00:14+00:00\",\"description\":\"Esschert Design (FB960 8714982278280) cm \u00f8 L 23 x T 23 x H 20- Material Schwarze Sonnenblumenkerne -Nettogewicht 2,2 kg - eimer\",\"breadcrumb\":{\"@id\":\"https:\\\/\\\/trendsandvision.nl\\\/de\\\/product\\\/esschert-design-schwarze-sonnenblumenkerne-22-kg-eimer\\\/#breadcrumb\"},\"inLanguage\":\"de\",\"potentialAction\":[{\"@type\":\"ReadAction\",\"target\":[\"https:\\\/\\\/trendsandvision.nl\\\/de\\\/product\\\/esschert-design-schwarze-sonnenblumenkerne-22-kg-eimer\\\/\"]}]},{\"@type\":\"ImageObject\",\"inLanguage\":\"de\",\"@id\":\"https:\\\/\\\/trendsandvision.nl\\\/de\\\/product\\\/esschert-design-schwarze-sonnenblumenkerne-22-kg-eimer\\\/#primaryimage\",\"url\":\"https:\\\/\\\/trendsandvision.nl\\\/de\\\/wp-content\\\/uploads\\\/sites\\\/3\\\/2024\\\/12\\\/FB960_01.jpg\",\"contentUrl\":\"https:\\\/\\\/trendsandvision.nl\\\/de\\\/wp-content\\\/uploads\\\/sites\\\/3\\\/2024\\\/12\\\/FB960_01.jpg\",\"width\":800,\"height\":800,\"caption\":\"Trends and Vision (FB960 8714982278280) cm \u00f8 L 23 x T 23 x H 20- Material Schwarze Sonnenblumenkerne -Nettogewicht 2,2 kg - eimer\"},{\"@type\":\"BreadcrumbList\",\"@id\":\"https:\\\/\\\/trendsandvision.nl\\\/de\\\/product\\\/esschert-design-schwarze-sonnenblumenkerne-22-kg-eimer\\\/#breadcrumb\",\"itemListElement\":[{\"@type\":\"ListItem\",\"position\":1,\"name\":\"Home\",\"item\":\"https:\\\/\\\/trendsandvision.nl\\\/de\\\/\"},{\"@type\":\"ListItem\",\"position\":2,\"name\":\"Gesch\u00e4ft\",\"item\":\"https:\\\/\\\/trendsandvision.nl\\\/de\\\/geschaft\\\/\"},{\"@type\":\"ListItem\",\"position\":3,\"name\":\"Esschert Design Schwarze Sonnenblumenkerne, 2,2 kg Eimer\"}]},{\"@type\":\"WebSite\",\"@id\":\"https:\\\/\\\/trendsandvision.nl\\\/de\\\/#website\",\"url\":\"https:\\\/\\\/trendsandvision.nl\\\/de\\\/\",\"name\":\"Trends &amp; Vision (DE)\",\"description\":\"Der Webshop f\u00fcr Esschert Design Artikel\",\"publisher\":{\"@id\":\"https:\\\/\\\/trendsandvision.nl\\\/de\\\/#organization\"},\"potentialAction\":[{\"@type\":\"SearchAction\",\"target\":{\"@type\":\"EntryPoint\",\"urlTemplate\":\"https:\\\/\\\/trendsandvision.nl\\\/de\\\/?s={search_term_string}\"},\"query-input\":{\"@type\":\"PropertyValueSpecification\",\"valueRequired\":true,\"valueName\":\"search_term_string\"}}],\"inLanguage\":\"de\"},{\"@type\":\"Organization\",\"@id\":\"https:\\\/\\\/trendsandvision.nl\\\/de\\\/#organization\",\"name\":\"Trends &amp; Vision (DE)\",\"url\":\"https:\\\/\\\/trendsandvision.nl\\\/de\\\/\",\"logo\":{\"@type\":\"ImageObject\",\"inLanguage\":\"de\",\"@id\":\"https:\\\/\\\/trendsandvision.nl\\\/de\\\/#\\\/schema\\\/logo\\\/image\\\/\",\"url\":\"https:\\\/\\\/trendsandvision.nl\\\/de\\\/wp-content\\\/uploads\\\/sites\\\/3\\\/2022\\\/04\\\/trends-and-vision-logo.jpg\",\"contentUrl\":\"https:\\\/\\\/trendsandvision.nl\\\/de\\\/wp-content\\\/uploads\\\/sites\\\/3\\\/2022\\\/04\\\/trends-and-vision-logo.jpg\",\"width\":213,\"height\":100,\"caption\":\"Trends &amp; Vision (DE)\"},\"image\":{\"@id\":\"https:\\\/\\\/trendsandvision.nl\\\/de\\\/#\\\/schema\\\/logo\\\/image\\\/\"}}]}<\/script>\n<!-- \/ Yoast SEO Premium plugin. -->","yoast_head_json":{"title":"Esschert Design Schwarze Sonnenblumenkerne, 2,2 kg Eimer","description":"Esschert Design (FB960 8714982278280) cm \u00f8 L 23 x T 23 x H 20- Material Schwarze Sonnenblumenkerne -Nettogewicht 2,2 kg - eimer","robots":{"index":"index","follow":"follow","max-snippet":"max-snippet:-1","max-image-preview":"max-image-preview:large","max-video-preview":"max-video-preview:-1"},"canonical":"https:\/\/trendsandvision.nl\/de\/product\/esschert-design-schwarze-sonnenblumenkerne-22-kg-eimer\/","og_locale":"de_DE","og_type":"article","og_title":"Esschert Design Schwarze Sonnenblumenkerne, 2,2 kg Eimer","og_description":"Esschert Design (FB960 8714982278280) cm \u00f8 L 23 x T 23 x H 20- Material Schwarze Sonnenblumenkerne -Nettogewicht 2,2 kg - eimer","og_url":"https:\/\/trendsandvision.nl\/de\/product\/esschert-design-schwarze-sonnenblumenkerne-22-kg-eimer\/","og_site_name":"Trends &amp; Vision (DE)","article_modified_time":"2026-04-22T13:00:14+00:00","og_image":[{"width":800,"height":800,"url":"https:\/\/trendsandvision.nl\/de\/wp-content\/uploads\/sites\/3\/2024\/12\/FB960_01.jpg","type":"image\/jpeg"}],"twitter_card":"summary_large_image","twitter_misc":{"Gesch\u00e4tzte Lesezeit":"1\u00a0Minute"},"schema":{"@context":"https:\/\/schema.org","@graph":[{"@type":"WebPage","@id":"https:\/\/trendsandvision.nl\/de\/product\/esschert-design-schwarze-sonnenblumenkerne-22-kg-eimer\/","url":"https:\/\/trendsandvision.nl\/de\/product\/esschert-design-schwarze-sonnenblumenkerne-22-kg-eimer\/","name":"Esschert Design Schwarze Sonnenblumenkerne, 2,2 kg Eimer","isPartOf":{"@id":"https:\/\/trendsandvision.nl\/de\/#website"},"primaryImageOfPage":{"@id":"https:\/\/trendsandvision.nl\/de\/product\/esschert-design-schwarze-sonnenblumenkerne-22-kg-eimer\/#primaryimage"},"image":{"@id":"https:\/\/trendsandvision.nl\/de\/product\/esschert-design-schwarze-sonnenblumenkerne-22-kg-eimer\/#primaryimage"},"thumbnailUrl":"https:\/\/trendsandvision.nl\/de\/wp-content\/uploads\/sites\/3\/2024\/12\/FB960_01.jpg","datePublished":"2024-12-22T07:42:33+00:00","dateModified":"2026-04-22T13:00:14+00:00","description":"Esschert Design (FB960 8714982278280) cm \u00f8 L 23 x T 23 x H 20- Material Schwarze Sonnenblumenkerne -Nettogewicht 2,2 kg - eimer","breadcrumb":{"@id":"https:\/\/trendsandvision.nl\/de\/product\/esschert-design-schwarze-sonnenblumenkerne-22-kg-eimer\/#breadcrumb"},"inLanguage":"de","potentialAction":[{"@type":"ReadAction","target":["https:\/\/trendsandvision.nl\/de\/product\/esschert-design-schwarze-sonnenblumenkerne-22-kg-eimer\/"]}]},{"@type":"ImageObject","inLanguage":"de","@id":"https:\/\/trendsandvision.nl\/de\/product\/esschert-design-schwarze-sonnenblumenkerne-22-kg-eimer\/#primaryimage","url":"https:\/\/trendsandvision.nl\/de\/wp-content\/uploads\/sites\/3\/2024\/12\/FB960_01.jpg","contentUrl":"https:\/\/trendsandvision.nl\/de\/wp-content\/uploads\/sites\/3\/2024\/12\/FB960_01.jpg","width":800,"height":800,"caption":"Trends and Vision (FB960 8714982278280) cm \u00f8 L 23 x T 23 x H 20- Material Schwarze Sonnenblumenkerne -Nettogewicht 2,2 kg - eimer"},{"@type":"BreadcrumbList","@id":"https:\/\/trendsandvision.nl\/de\/product\/esschert-design-schwarze-sonnenblumenkerne-22-kg-eimer\/#breadcrumb","itemListElement":[{"@type":"ListItem","position":1,"name":"Home","item":"https:\/\/trendsandvision.nl\/de\/"},{"@type":"ListItem","position":2,"name":"Gesch\u00e4ft","item":"https:\/\/trendsandvision.nl\/de\/geschaft\/"},{"@type":"ListItem","position":3,"name":"Esschert Design Schwarze Sonnenblumenkerne, 2,2 kg Eimer"}]},{"@type":"WebSite","@id":"https:\/\/trendsandvision.nl\/de\/#website","url":"https:\/\/trendsandvision.nl\/de\/","name":"Trends &amp; Vision (DE)","description":"Der Webshop f\u00fcr Esschert Design Artikel","publisher":{"@id":"https:\/\/trendsandvision.nl\/de\/#organization"},"potentialAction":[{"@type":"SearchAction","target":{"@type":"EntryPoint","urlTemplate":"https:\/\/trendsandvision.nl\/de\/?s={search_term_string}"},"query-input":{"@type":"PropertyValueSpecification","valueRequired":true,"valueName":"search_term_string"}}],"inLanguage":"de"},{"@type":"Organization","@id":"https:\/\/trendsandvision.nl\/de\/#organization","name":"Trends &amp; Vision (DE)","url":"https:\/\/trendsandvision.nl\/de\/","logo":{"@type":"ImageObject","inLanguage":"de","@id":"https:\/\/trendsandvision.nl\/de\/#\/schema\/logo\/image\/","url":"https:\/\/trendsandvision.nl\/de\/wp-content\/uploads\/sites\/3\/2022\/04\/trends-and-vision-logo.jpg","contentUrl":"https:\/\/trendsandvision.nl\/de\/wp-content\/uploads\/sites\/3\/2022\/04\/trends-and-vision-logo.jpg","width":213,"height":100,"caption":"Trends &amp; Vision (DE)"},"image":{"@id":"https:\/\/trendsandvision.nl\/de\/#\/schema\/logo\/image\/"}}]}},"_links":{"self":[{"href":"https:\/\/trendsandvision.nl\/de\/wp-json\/wp\/v2\/product\/18428","targetHints":{"allow":["GET"]}}],"collection":[{"href":"https:\/\/trendsandvision.nl\/de\/wp-json\/wp\/v2\/product"}],"about":[{"href":"https:\/\/trendsandvision.nl\/de\/wp-json\/wp\/v2\/types\/product"}],"wp:featuredmedia":[{"embeddable":true,"href":"https:\/\/trendsandvision.nl\/de\/wp-json\/wp\/v2\/media\/18429"}],"wp:attachment":[{"href":"https:\/\/trendsandvision.nl\/de\/wp-json\/wp\/v2\/media?parent=18428"}],"wp:term":[{"taxonomy":"product_brand","embeddable":true,"href":"https:\/\/trendsandvision.nl\/de\/wp-json\/wp\/v2\/product_brand?post=18428"},{"taxonomy":"product_cat","embeddable":true,"href":"https:\/\/trendsandvision.nl\/de\/wp-json\/wp\/v2\/product_cat?post=18428"},{"taxonomy":"product_tag","embeddable":true,"href":"https:\/\/trendsandvision.nl\/de\/wp-json\/wp\/v2\/product_tag?post=18428"}],"curies":[{"name":"wp","href":"https:\/\/api.w.org\/{rel}","templated":true}]}}