{"id":18300,"date":"2024-12-22T08:41:02","date_gmt":"2024-12-22T07:41:02","guid":{"rendered":"https:\/\/trendsandvision.nl\/de\/product\/esschert-design-terrakotta-bleichtopf-l-mit-deckel\/"},"modified":"2026-04-22T14:52:06","modified_gmt":"2026-04-22T12:52:06","slug":"esschert-design-terrakotta-bleichtopf-l-mit-deckel","status":"publish","type":"product","link":"https:\/\/trendsandvision.nl\/de\/product\/esschert-design-terrakotta-bleichtopf-l-mit-deckel\/","title":{"rendered":"Esschert Design Terrakotta-Bleichtopf L mit Deckel"},"content":{"rendered":"<p>Der Terrakotta-<strong><a href=\"https:\/\/trendsandvision.nl\/de\/?s=Bleichtopf&amp;post_type=product&amp;dgwt_wcas=1\">Bleichtopf<\/a><\/strong> wird h\u00e4ufig f\u00fcr den Anbau von Sellerie, Rhabarber und anderen Gem\u00fcsesorten verwendet. Weil die von einem Schutz vor \u00fcberm\u00e4\u00dfiger Sonneneinstrahlung profitieren. Er sorgt f\u00fcr nat\u00fcrlichen Schatten, f\u00f6rdert ein gleichm\u00e4\u00dfiges Wachstum und ergibt saftige, zarte St\u00e4ngel.<br \/>\nDie atmungsaktiven Eigenschaften von Terrakotta tragen zur Feuchtigkeitsregulierung bei und schaffen so ideale Bedingungen f\u00fcr optimales Pflanzenwachstum. Terrakotta reguliert au\u00dferdem die Temperatur, was das Wurzelwachstum und die allgemeine Gesundheit der Pflanzen f\u00f6rdert. Dank des mitgelieferten Deckels sind die Gem\u00fcsepflanzen optimal vor Schmutz und Sch\u00e4dlingen gesch\u00fctzt.<\/p>\n<p>Der Versand der Bleicht\u00f6pfe ist eine delikate Angelegenheit. Um sicher zu stellen das die gro\u00dfen schweren Glocken auch heil ankommen setzen wir unser ganzes Verpackungswissen ein und polstern doppelt und dreifach.<\/p>\n<p>Artikelname Bleichtopf Terracotta L mit Deckel<br \/>\nArtikelnummer AT57<br \/>\nProduktgruppe(n) <strong><a href=\"https:\/\/trendsandvision.nl\/de\/?s=Kultivierung&amp;post_type=product&amp;dgwt_wcas=1\">Kultivierung<\/a><\/strong>, <strong><a href=\"https:\/\/trendsandvision.nl\/de\/?s=Gew\u00e4chsh\u00e4us&amp;post_type=product&amp;dgwt_wcas=1\">Gew\u00e4chsh\u00e4user und Fr\u00fchbeete<\/a><\/strong>, <strong><a href=\"https:\/\/trendsandvision.nl\/de\/?s=glocke&amp;post_type=product&amp;dgwt_wcas=1\">Pflanzglocken<\/a><\/strong>.<br \/>\nProduktabmessungen in cm \u00f8 L 28 x T 28 x H 30<br \/>\nMaterial Terracotta<br \/>\nBruttogewicht 4,55 kg<br \/>\nNettogewicht 4,05 kg<br \/>\nBarcode 8714982276873<br \/>\nProduzent <a href=\"https:\/\/www.esschertdesign.com\/shop\/de\/bleekpot-terracotta-l-met-deksel-at57\" target=\"_blank\">Esschert Design<\/a><\/p>\n","protected":false},"excerpt":{"rendered":"<p>Artikelnummer AT57<br \/>\n100 % Terrakotta<br \/>\nTraditionelles Konservieren und Bleichen<br \/>\nSchafft ideale Bedingungen f\u00fcr optimales Pflanzenwachstum<br \/>\nMit Deckel zum Schutz vor Schmutz und Sch\u00e4dlingen<br \/>\n\u00f8 L x T 28 x H 30 cm<br \/>\nNettogewicht 4,05 kg<br \/>\nBarcode 8714982276873<\/p>\n","protected":false},"featured_media":18301,"template":"","meta":[],"product_brand":[9597,9598],"product_cat":[503],"product_tag":[7891,7890,7892,7482,7757,7894,7893],"class_list":{"0":"post-18300","1":"product","2":"type-product","3":"status-publish","4":"has-post-thumbnail","6":"product_brand-esschert-design","7":"product_brand-trends-and-vision","8":"product_cat-esscherts-garden","9":"product_tag-bleichtopfe","10":"product_tag-cloches","11":"product_tag-frostschutz","12":"product_tag-mit-deckel","13":"product_tag-terra-cotta","14":"product_tag-vortrieb","15":"product_tag-wetterschutz","16":"pa_anbieter-esschert-design","17":"pa_ean-code-7625","19":"first","20":"instock","21":"sale","22":"taxable","23":"shipping-taxable","24":"purchasable","25":"product-type-simple","26":"czr-hentry"},"yoast_head":"<!-- This site is optimized with the Yoast SEO Premium plugin v27.4 (Yoast SEO v27.5) - https:\/\/yoast.com\/product\/yoast-seo-premium-wordpress\/ -->\n<title>Esschert Design Terrakotta-Bleichtopf L mit Deckel (AT57)<\/title>\n<meta name=\"description\" content=\"Esschert Design Terrakotta-Bleichtopf L mit Deckel (AT57) \u00f8 L x T 28 x H 30 cm, Gewicht 4,05 kg, EAN 8714982276873, 100 % Terrakotta,\" \/>\n<meta name=\"robots\" content=\"index, follow, max-snippet:-1, max-image-preview:large, max-video-preview:-1\" \/>\n<link rel=\"canonical\" href=\"https:\/\/trendsandvision.nl\/de\/product\/esschert-design-terrakotta-bleichtopf-l-mit-deckel\/\" \/>\n<meta property=\"og:locale\" content=\"de_DE\" \/>\n<meta property=\"og:type\" content=\"article\" \/>\n<meta property=\"og:title\" content=\"Esschert Design Terrakotta-Bleichtopf L mit Deckel\" \/>\n<meta property=\"og:description\" content=\"Esschert Design Terrakotta-Bleichtopf L mit Deckel (AT57) \u00f8 L x T 28 x H 30 cm, Gewicht 4,05 kg, EAN 8714982276873, 100 % Terrakotta,\" \/>\n<meta property=\"og:url\" content=\"https:\/\/trendsandvision.nl\/de\/product\/esschert-design-terrakotta-bleichtopf-l-mit-deckel\/\" \/>\n<meta property=\"og:site_name\" content=\"Trends &amp; Vision (DE)\" \/>\n<meta property=\"article:modified_time\" content=\"2026-04-22T12:52:06+00:00\" \/>\n<meta property=\"og:image\" content=\"https:\/\/trendsandvision.nl\/de\/wp-content\/uploads\/sites\/3\/2024\/12\/AT57_01.jpg\" \/>\n\t<meta property=\"og:image:width\" content=\"800\" \/>\n\t<meta property=\"og:image:height\" content=\"800\" \/>\n\t<meta property=\"og:image:type\" content=\"image\/jpeg\" \/>\n<meta name=\"twitter:card\" content=\"summary_large_image\" \/>\n<meta name=\"twitter:label1\" content=\"Gesch\u00e4tzte Lesezeit\" \/>\n\t<meta name=\"twitter:data1\" content=\"2\u00a0Minuten\" \/>\n<script type=\"application\/ld+json\" class=\"yoast-schema-graph\">{\"@context\":\"https:\\\/\\\/schema.org\",\"@graph\":[{\"@type\":\"WebPage\",\"@id\":\"https:\\\/\\\/trendsandvision.nl\\\/de\\\/product\\\/esschert-design-terrakotta-bleichtopf-l-mit-deckel\\\/\",\"url\":\"https:\\\/\\\/trendsandvision.nl\\\/de\\\/product\\\/esschert-design-terrakotta-bleichtopf-l-mit-deckel\\\/\",\"name\":\"Esschert Design Terrakotta-Bleichtopf L mit Deckel (AT57)\",\"isPartOf\":{\"@id\":\"https:\\\/\\\/trendsandvision.nl\\\/de\\\/#website\"},\"primaryImageOfPage\":{\"@id\":\"https:\\\/\\\/trendsandvision.nl\\\/de\\\/product\\\/esschert-design-terrakotta-bleichtopf-l-mit-deckel\\\/#primaryimage\"},\"image\":{\"@id\":\"https:\\\/\\\/trendsandvision.nl\\\/de\\\/product\\\/esschert-design-terrakotta-bleichtopf-l-mit-deckel\\\/#primaryimage\"},\"thumbnailUrl\":\"https:\\\/\\\/trendsandvision.nl\\\/de\\\/wp-content\\\/uploads\\\/sites\\\/3\\\/2024\\\/12\\\/AT57_01.jpg\",\"datePublished\":\"2024-12-22T07:41:02+00:00\",\"dateModified\":\"2026-04-22T12:52:06+00:00\",\"description\":\"Esschert Design Terrakotta-Bleichtopf L mit Deckel (AT57) \u00f8 L x T 28 x H 30 cm, Gewicht 4,05 kg, EAN 8714982276873, 100 % Terrakotta,\",\"breadcrumb\":{\"@id\":\"https:\\\/\\\/trendsandvision.nl\\\/de\\\/product\\\/esschert-design-terrakotta-bleichtopf-l-mit-deckel\\\/#breadcrumb\"},\"inLanguage\":\"de\",\"potentialAction\":[{\"@type\":\"ReadAction\",\"target\":[\"https:\\\/\\\/trendsandvision.nl\\\/de\\\/product\\\/esschert-design-terrakotta-bleichtopf-l-mit-deckel\\\/\"]}]},{\"@type\":\"ImageObject\",\"inLanguage\":\"de\",\"@id\":\"https:\\\/\\\/trendsandvision.nl\\\/de\\\/product\\\/esschert-design-terrakotta-bleichtopf-l-mit-deckel\\\/#primaryimage\",\"url\":\"https:\\\/\\\/trendsandvision.nl\\\/de\\\/wp-content\\\/uploads\\\/sites\\\/3\\\/2024\\\/12\\\/AT57_01.jpg\",\"contentUrl\":\"https:\\\/\\\/trendsandvision.nl\\\/de\\\/wp-content\\\/uploads\\\/sites\\\/3\\\/2024\\\/12\\\/AT57_01.jpg\",\"width\":800,\"height\":800,\"caption\":\"Trends and Vision (AT57) Terrakotta-Bleichtopf L mit Deckel (AT57) \u00f8 L x T 28 x H 30 cm, Gewicht 4,05 kg, EAN 8714982276873, 100 % Terrakotta,\"},{\"@type\":\"BreadcrumbList\",\"@id\":\"https:\\\/\\\/trendsandvision.nl\\\/de\\\/product\\\/esschert-design-terrakotta-bleichtopf-l-mit-deckel\\\/#breadcrumb\",\"itemListElement\":[{\"@type\":\"ListItem\",\"position\":1,\"name\":\"Home\",\"item\":\"https:\\\/\\\/trendsandvision.nl\\\/de\\\/\"},{\"@type\":\"ListItem\",\"position\":2,\"name\":\"Gesch\u00e4ft\",\"item\":\"https:\\\/\\\/trendsandvision.nl\\\/de\\\/geschaft\\\/\"},{\"@type\":\"ListItem\",\"position\":3,\"name\":\"Esschert Design Terrakotta-Bleichtopf L mit Deckel\"}]},{\"@type\":\"WebSite\",\"@id\":\"https:\\\/\\\/trendsandvision.nl\\\/de\\\/#website\",\"url\":\"https:\\\/\\\/trendsandvision.nl\\\/de\\\/\",\"name\":\"Trends &amp; Vision (DE)\",\"description\":\"Der Webshop f\u00fcr Esschert Design Artikel\",\"publisher\":{\"@id\":\"https:\\\/\\\/trendsandvision.nl\\\/de\\\/#organization\"},\"potentialAction\":[{\"@type\":\"SearchAction\",\"target\":{\"@type\":\"EntryPoint\",\"urlTemplate\":\"https:\\\/\\\/trendsandvision.nl\\\/de\\\/?s={search_term_string}\"},\"query-input\":{\"@type\":\"PropertyValueSpecification\",\"valueRequired\":true,\"valueName\":\"search_term_string\"}}],\"inLanguage\":\"de\"},{\"@type\":\"Organization\",\"@id\":\"https:\\\/\\\/trendsandvision.nl\\\/de\\\/#organization\",\"name\":\"Trends &amp; Vision (DE)\",\"url\":\"https:\\\/\\\/trendsandvision.nl\\\/de\\\/\",\"logo\":{\"@type\":\"ImageObject\",\"inLanguage\":\"de\",\"@id\":\"https:\\\/\\\/trendsandvision.nl\\\/de\\\/#\\\/schema\\\/logo\\\/image\\\/\",\"url\":\"https:\\\/\\\/trendsandvision.nl\\\/de\\\/wp-content\\\/uploads\\\/sites\\\/3\\\/2022\\\/04\\\/trends-and-vision-logo.jpg\",\"contentUrl\":\"https:\\\/\\\/trendsandvision.nl\\\/de\\\/wp-content\\\/uploads\\\/sites\\\/3\\\/2022\\\/04\\\/trends-and-vision-logo.jpg\",\"width\":213,\"height\":100,\"caption\":\"Trends &amp; Vision (DE)\"},\"image\":{\"@id\":\"https:\\\/\\\/trendsandvision.nl\\\/de\\\/#\\\/schema\\\/logo\\\/image\\\/\"}}]}<\/script>\n<!-- \/ Yoast SEO Premium plugin. -->","yoast_head_json":{"title":"Esschert Design Terrakotta-Bleichtopf L mit Deckel (AT57)","description":"Esschert Design Terrakotta-Bleichtopf L mit Deckel (AT57) \u00f8 L x T 28 x H 30 cm, Gewicht 4,05 kg, EAN 8714982276873, 100 % Terrakotta,","robots":{"index":"index","follow":"follow","max-snippet":"max-snippet:-1","max-image-preview":"max-image-preview:large","max-video-preview":"max-video-preview:-1"},"canonical":"https:\/\/trendsandvision.nl\/de\/product\/esschert-design-terrakotta-bleichtopf-l-mit-deckel\/","og_locale":"de_DE","og_type":"article","og_title":"Esschert Design Terrakotta-Bleichtopf L mit Deckel","og_description":"Esschert Design Terrakotta-Bleichtopf L mit Deckel (AT57) \u00f8 L x T 28 x H 30 cm, Gewicht 4,05 kg, EAN 8714982276873, 100 % Terrakotta,","og_url":"https:\/\/trendsandvision.nl\/de\/product\/esschert-design-terrakotta-bleichtopf-l-mit-deckel\/","og_site_name":"Trends &amp; Vision (DE)","article_modified_time":"2026-04-22T12:52:06+00:00","og_image":[{"width":800,"height":800,"url":"https:\/\/trendsandvision.nl\/de\/wp-content\/uploads\/sites\/3\/2024\/12\/AT57_01.jpg","type":"image\/jpeg"}],"twitter_card":"summary_large_image","twitter_misc":{"Gesch\u00e4tzte Lesezeit":"2\u00a0Minuten"},"schema":{"@context":"https:\/\/schema.org","@graph":[{"@type":"WebPage","@id":"https:\/\/trendsandvision.nl\/de\/product\/esschert-design-terrakotta-bleichtopf-l-mit-deckel\/","url":"https:\/\/trendsandvision.nl\/de\/product\/esschert-design-terrakotta-bleichtopf-l-mit-deckel\/","name":"Esschert Design Terrakotta-Bleichtopf L mit Deckel (AT57)","isPartOf":{"@id":"https:\/\/trendsandvision.nl\/de\/#website"},"primaryImageOfPage":{"@id":"https:\/\/trendsandvision.nl\/de\/product\/esschert-design-terrakotta-bleichtopf-l-mit-deckel\/#primaryimage"},"image":{"@id":"https:\/\/trendsandvision.nl\/de\/product\/esschert-design-terrakotta-bleichtopf-l-mit-deckel\/#primaryimage"},"thumbnailUrl":"https:\/\/trendsandvision.nl\/de\/wp-content\/uploads\/sites\/3\/2024\/12\/AT57_01.jpg","datePublished":"2024-12-22T07:41:02+00:00","dateModified":"2026-04-22T12:52:06+00:00","description":"Esschert Design Terrakotta-Bleichtopf L mit Deckel (AT57) \u00f8 L x T 28 x H 30 cm, Gewicht 4,05 kg, EAN 8714982276873, 100 % Terrakotta,","breadcrumb":{"@id":"https:\/\/trendsandvision.nl\/de\/product\/esschert-design-terrakotta-bleichtopf-l-mit-deckel\/#breadcrumb"},"inLanguage":"de","potentialAction":[{"@type":"ReadAction","target":["https:\/\/trendsandvision.nl\/de\/product\/esschert-design-terrakotta-bleichtopf-l-mit-deckel\/"]}]},{"@type":"ImageObject","inLanguage":"de","@id":"https:\/\/trendsandvision.nl\/de\/product\/esschert-design-terrakotta-bleichtopf-l-mit-deckel\/#primaryimage","url":"https:\/\/trendsandvision.nl\/de\/wp-content\/uploads\/sites\/3\/2024\/12\/AT57_01.jpg","contentUrl":"https:\/\/trendsandvision.nl\/de\/wp-content\/uploads\/sites\/3\/2024\/12\/AT57_01.jpg","width":800,"height":800,"caption":"Trends and Vision (AT57) Terrakotta-Bleichtopf L mit Deckel (AT57) \u00f8 L x T 28 x H 30 cm, Gewicht 4,05 kg, EAN 8714982276873, 100 % Terrakotta,"},{"@type":"BreadcrumbList","@id":"https:\/\/trendsandvision.nl\/de\/product\/esschert-design-terrakotta-bleichtopf-l-mit-deckel\/#breadcrumb","itemListElement":[{"@type":"ListItem","position":1,"name":"Home","item":"https:\/\/trendsandvision.nl\/de\/"},{"@type":"ListItem","position":2,"name":"Gesch\u00e4ft","item":"https:\/\/trendsandvision.nl\/de\/geschaft\/"},{"@type":"ListItem","position":3,"name":"Esschert Design Terrakotta-Bleichtopf L mit Deckel"}]},{"@type":"WebSite","@id":"https:\/\/trendsandvision.nl\/de\/#website","url":"https:\/\/trendsandvision.nl\/de\/","name":"Trends &amp; Vision (DE)","description":"Der Webshop f\u00fcr Esschert Design Artikel","publisher":{"@id":"https:\/\/trendsandvision.nl\/de\/#organization"},"potentialAction":[{"@type":"SearchAction","target":{"@type":"EntryPoint","urlTemplate":"https:\/\/trendsandvision.nl\/de\/?s={search_term_string}"},"query-input":{"@type":"PropertyValueSpecification","valueRequired":true,"valueName":"search_term_string"}}],"inLanguage":"de"},{"@type":"Organization","@id":"https:\/\/trendsandvision.nl\/de\/#organization","name":"Trends &amp; Vision (DE)","url":"https:\/\/trendsandvision.nl\/de\/","logo":{"@type":"ImageObject","inLanguage":"de","@id":"https:\/\/trendsandvision.nl\/de\/#\/schema\/logo\/image\/","url":"https:\/\/trendsandvision.nl\/de\/wp-content\/uploads\/sites\/3\/2022\/04\/trends-and-vision-logo.jpg","contentUrl":"https:\/\/trendsandvision.nl\/de\/wp-content\/uploads\/sites\/3\/2022\/04\/trends-and-vision-logo.jpg","width":213,"height":100,"caption":"Trends &amp; Vision (DE)"},"image":{"@id":"https:\/\/trendsandvision.nl\/de\/#\/schema\/logo\/image\/"}}]}},"_links":{"self":[{"href":"https:\/\/trendsandvision.nl\/de\/wp-json\/wp\/v2\/product\/18300","targetHints":{"allow":["GET"]}}],"collection":[{"href":"https:\/\/trendsandvision.nl\/de\/wp-json\/wp\/v2\/product"}],"about":[{"href":"https:\/\/trendsandvision.nl\/de\/wp-json\/wp\/v2\/types\/product"}],"wp:featuredmedia":[{"embeddable":true,"href":"https:\/\/trendsandvision.nl\/de\/wp-json\/wp\/v2\/media\/18301"}],"wp:attachment":[{"href":"https:\/\/trendsandvision.nl\/de\/wp-json\/wp\/v2\/media?parent=18300"}],"wp:term":[{"taxonomy":"product_brand","embeddable":true,"href":"https:\/\/trendsandvision.nl\/de\/wp-json\/wp\/v2\/product_brand?post=18300"},{"taxonomy":"product_cat","embeddable":true,"href":"https:\/\/trendsandvision.nl\/de\/wp-json\/wp\/v2\/product_cat?post=18300"},{"taxonomy":"product_tag","embeddable":true,"href":"https:\/\/trendsandvision.nl\/de\/wp-json\/wp\/v2\/product_tag?post=18300"}],"curies":[{"name":"wp","href":"https:\/\/api.w.org\/{rel}","templated":true}]}}