{"id":12201,"date":"2024-07-19T10:51:28","date_gmt":"2024-07-19T08:51:28","guid":{"rendered":"https:\/\/trendsandvision.nl\/de\/product\/esschert-design-zwiebelvase-geriffelt-krokus-wahl-bg010-8714982262739\/"},"modified":"2026-04-22T14:52:25","modified_gmt":"2026-04-22T12:52:25","slug":"esschert-design-zwiebelvase-geriffelt-krokus-wahl","status":"publish","type":"product","link":"https:\/\/trendsandvision.nl\/de\/product\/esschert-design-zwiebelvase-geriffelt-krokus-wahl\/","title":{"rendered":"Esschert Design Zwiebelvase geriffelt Krokus Wahl"},"content":{"rendered":"<p>Esschert Design Zwiebelvase geriffelt Krokus Wahl.<br \/>\nEine Krokusvase ist eine spezielle Vase, die zum Einpflanzen von Krokusbl\u00fcten verwendet wird. Krokusvasen sind klein und haben eine schmale \u00d6ffnung, die dazu dient, die zarten Krokusbl\u00fcten aufrecht zu halten und zu st\u00fctzen. Diese Vase ist so konzipiert, dass die Krokuszwiebeln knapp \u00fcber dem Boden gehalten werden. Hierdurch k\u00f6nnen die Bl\u00fctenstiele gerade wachsen und die Bl\u00fcten sind gut sichtbar.<br \/>\nSehr sch\u00f6n <a href=\"https:\/\/trendsandvision.de\/?s= Zwiebelvase&amp;post_type=product&amp;dgwt_wcas=1\">kombinierbar mit unseren anderen Blumenzwiebelvasen<\/a><\/p>\n<p>Artikelname Zwiebelvase geriffelt Krokus wahl.<br \/>\nArtikelnummer BG010<br \/>\nPreis gilt pro St\u00fcck<br \/>\nProduktgr\u00f6\u00dfen in cm B 6,5 X T 6,5 X H 9,8<br \/>\nBarcode 8714982262739<br \/>\nMaterial Glas<br \/>\nNettogewicht 0,152 kg<br \/>\nProduzent <a href=\"https:\/\/www.esschertdesign.com\/shop\/de\/bollenvaas-geribbeld-krokus-ass-bg010\" target=\"_blank\" rel=\"noopener\">Esschert Design<\/a><\/p>\n","protected":false},"excerpt":{"rendered":"<p>2 Farben zur Auswahl (Preis gilt pro St\u00fcck)<br \/>\nL 6,5 x T 6,5 x H 9,8 cm<br \/>\nVolumen in Liter 0,200<br \/>\nMaterial Glas<br \/>\nNettogewicht 0,152 kg<br \/>\nBarcode 8714982262739<\/p>\n","protected":false},"featured_media":12202,"template":"","meta":[],"product_brand":[9597,9598],"product_cat":[503],"product_tag":[6990,8762,7917,8064,6945],"class_list":{"0":"post-12201","1":"product","2":"type-product","3":"status-publish","4":"has-post-thumbnail","6":"product_brand-esschert-design","7":"product_brand-trends-and-vision","8":"product_cat-esscherts-garden","9":"product_tag-indoor","10":"product_tag-krokusse","11":"product_tag-toepfe","12":"product_tag-vasen","13":"product_tag-wahl","14":"pa_anbieter-esschert-design","15":"pa_ean-code-6598","17":"first","18":"instock","19":"sale","20":"taxable","21":"shipping-taxable","22":"purchasable","23":"product-type-simple","24":"czr-hentry"},"yoast_head":"<!-- This site is optimized with the Yoast SEO Premium plugin v27.4 (Yoast SEO v27.5) - https:\/\/yoast.com\/product\/yoast-seo-premium-wordpress\/ -->\n<title>Esschert Design Zwiebelvase geriffelt Krokus Wahl (BG010 )<\/title>\n<meta name=\"description\" content=\"Esschert Design Zwiebelvase geriffelt Krokus Wahl (BG010 8714982262739) cm B 6,5 X T 6,5 X H 9,8, Material Glas, Nettogewicht 0,152 kg\" \/>\n<meta name=\"robots\" content=\"index, follow, max-snippet:-1, max-image-preview:large, max-video-preview:-1\" \/>\n<link rel=\"canonical\" href=\"https:\/\/trendsandvision.nl\/de\/product\/esschert-design-zwiebelvase-geriffelt-krokus-wahl\/\" \/>\n<meta property=\"og:locale\" content=\"de_DE\" \/>\n<meta property=\"og:type\" content=\"article\" \/>\n<meta property=\"og:title\" content=\"Esschert Design Zwiebelvase geriffelt Krokus Wahl\" \/>\n<meta property=\"og:description\" content=\"Esschert Design Zwiebelvase geriffelt Krokus Wahl (BG010 8714982262739) cm B 6,5 X T 6,5 X H 9,8, Material Glas, Nettogewicht 0,152 kg\" \/>\n<meta property=\"og:url\" content=\"https:\/\/trendsandvision.nl\/de\/product\/esschert-design-zwiebelvase-geriffelt-krokus-wahl\/\" \/>\n<meta property=\"og:site_name\" content=\"Trends &amp; Vision (DE)\" \/>\n<meta property=\"article:modified_time\" content=\"2026-04-22T12:52:25+00:00\" \/>\n<meta property=\"og:image\" content=\"https:\/\/trendsandvision.nl\/de\/wp-content\/uploads\/sites\/3\/2024\/07\/BG010_01.jpg\" \/>\n\t<meta property=\"og:image:width\" content=\"800\" \/>\n\t<meta property=\"og:image:height\" content=\"800\" \/>\n\t<meta property=\"og:image:type\" content=\"image\/jpeg\" \/>\n<meta name=\"twitter:card\" content=\"summary_large_image\" \/>\n<meta name=\"twitter:label1\" content=\"Gesch\u00e4tzte Lesezeit\" \/>\n\t<meta name=\"twitter:data1\" content=\"1\u00a0Minute\" \/>\n<script type=\"application\/ld+json\" class=\"yoast-schema-graph\">{\"@context\":\"https:\\\/\\\/schema.org\",\"@graph\":[{\"@type\":\"WebPage\",\"@id\":\"https:\\\/\\\/trendsandvision.nl\\\/de\\\/product\\\/esschert-design-zwiebelvase-geriffelt-krokus-wahl\\\/\",\"url\":\"https:\\\/\\\/trendsandvision.nl\\\/de\\\/product\\\/esschert-design-zwiebelvase-geriffelt-krokus-wahl\\\/\",\"name\":\"Esschert Design Zwiebelvase geriffelt Krokus Wahl (BG010 )\",\"isPartOf\":{\"@id\":\"https:\\\/\\\/trendsandvision.nl\\\/de\\\/#website\"},\"primaryImageOfPage\":{\"@id\":\"https:\\\/\\\/trendsandvision.nl\\\/de\\\/product\\\/esschert-design-zwiebelvase-geriffelt-krokus-wahl\\\/#primaryimage\"},\"image\":{\"@id\":\"https:\\\/\\\/trendsandvision.nl\\\/de\\\/product\\\/esschert-design-zwiebelvase-geriffelt-krokus-wahl\\\/#primaryimage\"},\"thumbnailUrl\":\"https:\\\/\\\/trendsandvision.nl\\\/de\\\/wp-content\\\/uploads\\\/sites\\\/3\\\/2024\\\/07\\\/BG010_01.jpg\",\"datePublished\":\"2024-07-19T08:51:28+00:00\",\"dateModified\":\"2026-04-22T12:52:25+00:00\",\"description\":\"Esschert Design Zwiebelvase geriffelt Krokus Wahl (BG010 8714982262739) cm B 6,5 X T 6,5 X H 9,8, Material Glas, Nettogewicht 0,152 kg\",\"breadcrumb\":{\"@id\":\"https:\\\/\\\/trendsandvision.nl\\\/de\\\/product\\\/esschert-design-zwiebelvase-geriffelt-krokus-wahl\\\/#breadcrumb\"},\"inLanguage\":\"de\",\"potentialAction\":[{\"@type\":\"ReadAction\",\"target\":[\"https:\\\/\\\/trendsandvision.nl\\\/de\\\/product\\\/esschert-design-zwiebelvase-geriffelt-krokus-wahl\\\/\"]}]},{\"@type\":\"ImageObject\",\"inLanguage\":\"de\",\"@id\":\"https:\\\/\\\/trendsandvision.nl\\\/de\\\/product\\\/esschert-design-zwiebelvase-geriffelt-krokus-wahl\\\/#primaryimage\",\"url\":\"https:\\\/\\\/trendsandvision.nl\\\/de\\\/wp-content\\\/uploads\\\/sites\\\/3\\\/2024\\\/07\\\/BG010_01.jpg\",\"contentUrl\":\"https:\\\/\\\/trendsandvision.nl\\\/de\\\/wp-content\\\/uploads\\\/sites\\\/3\\\/2024\\\/07\\\/BG010_01.jpg\",\"width\":800,\"height\":800,\"caption\":\"Trends and Vision Zwiebelvase geriffelt Krokus Wahl (BG010 8714982262739) cm B 6,5 X T 6,5 X H 9,8, Material Glas, Nettogewicht 0,152 kg\"},{\"@type\":\"BreadcrumbList\",\"@id\":\"https:\\\/\\\/trendsandvision.nl\\\/de\\\/product\\\/esschert-design-zwiebelvase-geriffelt-krokus-wahl\\\/#breadcrumb\",\"itemListElement\":[{\"@type\":\"ListItem\",\"position\":1,\"name\":\"Home\",\"item\":\"https:\\\/\\\/trendsandvision.nl\\\/de\\\/\"},{\"@type\":\"ListItem\",\"position\":2,\"name\":\"Gesch\u00e4ft\",\"item\":\"https:\\\/\\\/trendsandvision.nl\\\/de\\\/geschaft\\\/\"},{\"@type\":\"ListItem\",\"position\":3,\"name\":\"Esschert Design Zwiebelvase geriffelt Krokus Wahl\"}]},{\"@type\":\"WebSite\",\"@id\":\"https:\\\/\\\/trendsandvision.nl\\\/de\\\/#website\",\"url\":\"https:\\\/\\\/trendsandvision.nl\\\/de\\\/\",\"name\":\"Trends &amp; Vision (DE)\",\"description\":\"Der Webshop f\u00fcr Esschert Design Artikel\",\"publisher\":{\"@id\":\"https:\\\/\\\/trendsandvision.nl\\\/de\\\/#organization\"},\"potentialAction\":[{\"@type\":\"SearchAction\",\"target\":{\"@type\":\"EntryPoint\",\"urlTemplate\":\"https:\\\/\\\/trendsandvision.nl\\\/de\\\/?s={search_term_string}\"},\"query-input\":{\"@type\":\"PropertyValueSpecification\",\"valueRequired\":true,\"valueName\":\"search_term_string\"}}],\"inLanguage\":\"de\"},{\"@type\":\"Organization\",\"@id\":\"https:\\\/\\\/trendsandvision.nl\\\/de\\\/#organization\",\"name\":\"Trends &amp; Vision (DE)\",\"url\":\"https:\\\/\\\/trendsandvision.nl\\\/de\\\/\",\"logo\":{\"@type\":\"ImageObject\",\"inLanguage\":\"de\",\"@id\":\"https:\\\/\\\/trendsandvision.nl\\\/de\\\/#\\\/schema\\\/logo\\\/image\\\/\",\"url\":\"https:\\\/\\\/trendsandvision.nl\\\/de\\\/wp-content\\\/uploads\\\/sites\\\/3\\\/2022\\\/04\\\/trends-and-vision-logo.jpg\",\"contentUrl\":\"https:\\\/\\\/trendsandvision.nl\\\/de\\\/wp-content\\\/uploads\\\/sites\\\/3\\\/2022\\\/04\\\/trends-and-vision-logo.jpg\",\"width\":213,\"height\":100,\"caption\":\"Trends &amp; Vision (DE)\"},\"image\":{\"@id\":\"https:\\\/\\\/trendsandvision.nl\\\/de\\\/#\\\/schema\\\/logo\\\/image\\\/\"}}]}<\/script>\n<!-- \/ Yoast SEO Premium plugin. -->","yoast_head_json":{"title":"Esschert Design Zwiebelvase geriffelt Krokus Wahl (BG010 )","description":"Esschert Design Zwiebelvase geriffelt Krokus Wahl (BG010 8714982262739) cm B 6,5 X T 6,5 X H 9,8, Material Glas, Nettogewicht 0,152 kg","robots":{"index":"index","follow":"follow","max-snippet":"max-snippet:-1","max-image-preview":"max-image-preview:large","max-video-preview":"max-video-preview:-1"},"canonical":"https:\/\/trendsandvision.nl\/de\/product\/esschert-design-zwiebelvase-geriffelt-krokus-wahl\/","og_locale":"de_DE","og_type":"article","og_title":"Esschert Design Zwiebelvase geriffelt Krokus Wahl","og_description":"Esschert Design Zwiebelvase geriffelt Krokus Wahl (BG010 8714982262739) cm B 6,5 X T 6,5 X H 9,8, Material Glas, Nettogewicht 0,152 kg","og_url":"https:\/\/trendsandvision.nl\/de\/product\/esschert-design-zwiebelvase-geriffelt-krokus-wahl\/","og_site_name":"Trends &amp; Vision (DE)","article_modified_time":"2026-04-22T12:52:25+00:00","og_image":[{"width":800,"height":800,"url":"https:\/\/trendsandvision.nl\/de\/wp-content\/uploads\/sites\/3\/2024\/07\/BG010_01.jpg","type":"image\/jpeg"}],"twitter_card":"summary_large_image","twitter_misc":{"Gesch\u00e4tzte Lesezeit":"1\u00a0Minute"},"schema":{"@context":"https:\/\/schema.org","@graph":[{"@type":"WebPage","@id":"https:\/\/trendsandvision.nl\/de\/product\/esschert-design-zwiebelvase-geriffelt-krokus-wahl\/","url":"https:\/\/trendsandvision.nl\/de\/product\/esschert-design-zwiebelvase-geriffelt-krokus-wahl\/","name":"Esschert Design Zwiebelvase geriffelt Krokus Wahl (BG010 )","isPartOf":{"@id":"https:\/\/trendsandvision.nl\/de\/#website"},"primaryImageOfPage":{"@id":"https:\/\/trendsandvision.nl\/de\/product\/esschert-design-zwiebelvase-geriffelt-krokus-wahl\/#primaryimage"},"image":{"@id":"https:\/\/trendsandvision.nl\/de\/product\/esschert-design-zwiebelvase-geriffelt-krokus-wahl\/#primaryimage"},"thumbnailUrl":"https:\/\/trendsandvision.nl\/de\/wp-content\/uploads\/sites\/3\/2024\/07\/BG010_01.jpg","datePublished":"2024-07-19T08:51:28+00:00","dateModified":"2026-04-22T12:52:25+00:00","description":"Esschert Design Zwiebelvase geriffelt Krokus Wahl (BG010 8714982262739) cm B 6,5 X T 6,5 X H 9,8, Material Glas, Nettogewicht 0,152 kg","breadcrumb":{"@id":"https:\/\/trendsandvision.nl\/de\/product\/esschert-design-zwiebelvase-geriffelt-krokus-wahl\/#breadcrumb"},"inLanguage":"de","potentialAction":[{"@type":"ReadAction","target":["https:\/\/trendsandvision.nl\/de\/product\/esschert-design-zwiebelvase-geriffelt-krokus-wahl\/"]}]},{"@type":"ImageObject","inLanguage":"de","@id":"https:\/\/trendsandvision.nl\/de\/product\/esschert-design-zwiebelvase-geriffelt-krokus-wahl\/#primaryimage","url":"https:\/\/trendsandvision.nl\/de\/wp-content\/uploads\/sites\/3\/2024\/07\/BG010_01.jpg","contentUrl":"https:\/\/trendsandvision.nl\/de\/wp-content\/uploads\/sites\/3\/2024\/07\/BG010_01.jpg","width":800,"height":800,"caption":"Trends and Vision Zwiebelvase geriffelt Krokus Wahl (BG010 8714982262739) cm B 6,5 X T 6,5 X H 9,8, Material Glas, Nettogewicht 0,152 kg"},{"@type":"BreadcrumbList","@id":"https:\/\/trendsandvision.nl\/de\/product\/esschert-design-zwiebelvase-geriffelt-krokus-wahl\/#breadcrumb","itemListElement":[{"@type":"ListItem","position":1,"name":"Home","item":"https:\/\/trendsandvision.nl\/de\/"},{"@type":"ListItem","position":2,"name":"Gesch\u00e4ft","item":"https:\/\/trendsandvision.nl\/de\/geschaft\/"},{"@type":"ListItem","position":3,"name":"Esschert Design Zwiebelvase geriffelt Krokus Wahl"}]},{"@type":"WebSite","@id":"https:\/\/trendsandvision.nl\/de\/#website","url":"https:\/\/trendsandvision.nl\/de\/","name":"Trends &amp; Vision (DE)","description":"Der Webshop f\u00fcr Esschert Design Artikel","publisher":{"@id":"https:\/\/trendsandvision.nl\/de\/#organization"},"potentialAction":[{"@type":"SearchAction","target":{"@type":"EntryPoint","urlTemplate":"https:\/\/trendsandvision.nl\/de\/?s={search_term_string}"},"query-input":{"@type":"PropertyValueSpecification","valueRequired":true,"valueName":"search_term_string"}}],"inLanguage":"de"},{"@type":"Organization","@id":"https:\/\/trendsandvision.nl\/de\/#organization","name":"Trends &amp; Vision (DE)","url":"https:\/\/trendsandvision.nl\/de\/","logo":{"@type":"ImageObject","inLanguage":"de","@id":"https:\/\/trendsandvision.nl\/de\/#\/schema\/logo\/image\/","url":"https:\/\/trendsandvision.nl\/de\/wp-content\/uploads\/sites\/3\/2022\/04\/trends-and-vision-logo.jpg","contentUrl":"https:\/\/trendsandvision.nl\/de\/wp-content\/uploads\/sites\/3\/2022\/04\/trends-and-vision-logo.jpg","width":213,"height":100,"caption":"Trends &amp; Vision (DE)"},"image":{"@id":"https:\/\/trendsandvision.nl\/de\/#\/schema\/logo\/image\/"}}]}},"_links":{"self":[{"href":"https:\/\/trendsandvision.nl\/de\/wp-json\/wp\/v2\/product\/12201","targetHints":{"allow":["GET"]}}],"collection":[{"href":"https:\/\/trendsandvision.nl\/de\/wp-json\/wp\/v2\/product"}],"about":[{"href":"https:\/\/trendsandvision.nl\/de\/wp-json\/wp\/v2\/types\/product"}],"wp:featuredmedia":[{"embeddable":true,"href":"https:\/\/trendsandvision.nl\/de\/wp-json\/wp\/v2\/media\/12202"}],"wp:attachment":[{"href":"https:\/\/trendsandvision.nl\/de\/wp-json\/wp\/v2\/media?parent=12201"}],"wp:term":[{"taxonomy":"product_brand","embeddable":true,"href":"https:\/\/trendsandvision.nl\/de\/wp-json\/wp\/v2\/product_brand?post=12201"},{"taxonomy":"product_cat","embeddable":true,"href":"https:\/\/trendsandvision.nl\/de\/wp-json\/wp\/v2\/product_cat?post=12201"},{"taxonomy":"product_tag","embeddable":true,"href":"https:\/\/trendsandvision.nl\/de\/wp-json\/wp\/v2\/product_tag?post=12201"}],"curies":[{"name":"wp","href":"https:\/\/api.w.org\/{rel}","templated":true}]}}